{"id":440940,"date":"2022-06-28T19:10:41","date_gmt":"2022-06-28T18:10:41","guid":{"rendered":"https:\/\/copiablogdiasporablogspot.wordpress.com\/home\/"},"modified":"2022-06-28T19:10:41","modified_gmt":"2022-06-28T18:10:41","slug":"home-2","status":"publish","type":"page","link":"http:\/\/xnalgrt.cluster100.hosting.ovh.net\/index.php\/home-2\/","title":{"rendered":"Accueil"},"content":{"rendered":"\n<div class=\"wp-block-query is-layout-flow wp-block-query-is-layout-flow\"><ul class=\"wp-block-post-template is-layout-flow wp-block-post-template-is-layout-flow\"><li class=\"wp-block-post post-440932 post type-post status-publish format-standard has-post-thumbnail hentry category-blog\">\n<h2 style=\"font-size:64px;line-height:1.2;\" class=\"wp-block-post-title\"><a href=\"http:\/\/xnalgrt.cluster100.hosting.ovh.net\/index.php\/2026\/01\/16\/cooperation-maroc-ue-en-matiere-de-lutte-contre-le-terrorisme\/\" target=\"_self\" >Coop\u00e9ration Maroc-UE : en mati\u00e8re de lutte contre le Terrorisme<\/a><\/h2>\n\n\n\n<div class=\"entry-content wp-block-post-content is-layout-flow wp-block-post-content-is-layout-flow\">\n<p><\/p>\n\n\n\n<p><\/p>\n\n\n\n<p>Les relations entre le Maroc et l\u2019Union europ\u00e9enne en mati\u00e8re de s\u00e9curit\u00e9 et de coop\u00e9ration anti-terroriste, r\u00e9gies depuis 2000 par l\u2019Accord d\u2019Association, se sont progressivement d\u00e9velopp\u00e9es notamment dans le cadre de la Politique Europ\u00e9enne de Voisinage (2004) et l\u2019Accord sur le Statut Avanc\u00e9 (2008). Le Plan d\u2019Action pour le Statut avanc\u00e9 (PASA), entr\u00e9e en vigueur en janvier 2013 qui constitue la feuille de route de la coop\u00e9ration entre le Maroc et l\u2019UE pour les cinq prochaines ann\u00e9es, a ouvert de nouvelles perspectives qui permettront, \u00e0 termes, d\u2019\u00e9largir la coop\u00e9ration entre les deux parties en mati\u00e8re de justice et de s\u00e9curit\u00e9 et de jeter les bases d\u2019une coop\u00e9ration op\u00e9rationnelle et strat\u00e9gique en mati\u00e8re de lutte contre le terrorisme et le crime organis\u00e9.<\/p>\n\n\n\n<ul class=\"wp-block-list\">\n<li>Le dialogue bilat\u00e9ral et les consultations politiques en la mati\u00e8re entre les deux parties sont conduits dans le cadre du Dialogue Politique Renforc\u00e9, le Dialogue Strat\u00e9gique Informel et le COPS et l\u2019\u00e9valuation de la coop\u00e9ration dans ce domaine est men\u00e9e dans le cadre du Sous-comit\u00e9 \u00ab\u00a0Justice et S\u00e9curit\u00e9\u00a0\u00bb instaur\u00e9 entre les deux parties afin de d\u00e9finir les contours et les param\u00e8tres de cette coop\u00e9ration et d\u2019identifier les actions de coop\u00e9rations en la mati\u00e8re.<\/li>\n<\/ul>\n\n\n\n<ul class=\"wp-block-list\">\n<li>Rappeler que la lutte anti-terroriste demeure l\u2019une des priorit\u00e9s du Maroc notamment dans le cadre de sa strat\u00e9gie globale qui s\u2019articule autour de quatre volets (juridique, religieux, social et de s\u00e9curit\u00e9).<\/li>\n<\/ul>\n\n\n\n<ul class=\"wp-block-list\">\n<li>Le Maroc a \u00e9t\u00e9 le premier pays \u00e0 avoir instaur\u00e9 avec l\u2019UE un dialogue politique renforc\u00e9 et une concertation r\u00e9guli\u00e8re avec le COPS et avoir initi\u00e9 une coop\u00e9ration renforc\u00e9e dans le cadre du CORTER qui peut constituer une plateforme de coop\u00e9ration strat\u00e9gique pour la lutte contre le terrorisme et la radicalisation.<\/li>\n<\/ul>\n\n\n\n<p>Ainsi \u00e0 la lumi\u00e8re du PASA, les deux parties se sont fix\u00e9es les quelques priorit\u00e9s suivantes&nbsp;:<\/p>\n\n\n\n<ol class=\"wp-block-list\">\n<li>Renforcer la coop\u00e9ration UE-Maroc dans la pr\u00e9vention et la lutte contre le terrorisme, notamment par la mise en \u0153uvre des initiatives identifi\u00e9es dans le pr\u00e9sent plan d\u2019action et qui seront d\u00e9velopp\u00e9es au sein des sous-comit\u00e9s concern\u00e9s\u00a0;<\/li>\n<\/ol>\n\n\n\n<ol start=\"2\" class=\"wp-block-list\">\n<li>D\u00e9velopper la coop\u00e9ration UE-Maroc sur la pr\u00e9vention et la lutte contre le terrorisme, y compris \u00e0 travers la mise en \u0153uvre des r\u00e9solutions UNSC 1267\/99 et 1373\/01 et \u00e0 travers la ratification et la mise en \u0153uvre de toutes les conventions et protocoles internationaux appropri\u00e9s relatifs au terrorisme.<\/li>\n<\/ol>\n\n\n\n<ol start=\"3\" class=\"wp-block-list\">\n<li>Echange de vues, d\u2019informations et d\u2019exp\u00e9rience en mati\u00e8re de lutte contre le terrorisme en vue d\u2019am\u00e9liorer les capacit\u00e9s de lutte contre ce fl\u00e9au\u00a0;<\/li>\n<\/ol>\n\n\n\n<ol start=\"4\" class=\"wp-block-list\">\n<li>Mise en \u0153uvre de la l\u00e9gislation sur la lutte contre le financement du terrorisme\u00a0et<strong> <\/strong>Renforcer la coop\u00e9ration dans le cadre de la lutte contre le financement du terrorisme\u00a0;<\/li>\n<\/ol>\n\n\n\n<ol start=\"5\" class=\"wp-block-list\">\n<li>Poursuite de la coop\u00e9ration dans le cadre du COTER.<\/li>\n<\/ol>\n\n\n\n<ol start=\"6\" class=\"wp-block-list\">\n<li><em>Poursuite des consultations politiques en la mati\u00e8re dans le cadre des m\u00e9canismes de dialogue entre les deux parties (DPR, DSI,\u2026)<\/em><\/li>\n\n\n\n<li>Garantir le respect des droits de l\u2019homme dans la lutte contre le terrorisme\u00a0;<\/li>\n<\/ol>\n\n\n\n<ol start=\"8\" class=\"wp-block-list\">\n<li>D\u00e9velopper la coop\u00e9ration entre les services comp\u00e9tents dans la lutte contre le terrorisme\u00a0;<\/li>\n\n\n\n<li>D\u00e9velopper la coop\u00e9ration judiciaire en mati\u00e8re de lutte contre le terrorisme\u00a0;<\/li>\n<\/ol>\n\n\n\n<ol start=\"10\" class=\"wp-block-list\">\n<li>Poursuivre le d\u00e9veloppement de la coop\u00e9ration entre les autorit\u00e9s judiciaires et de police du Maroc et des \u00c9tats membres\u00a0;<\/li>\n<\/ol>\n\n\n\n<p>Dans la pr\u00e9vention et la lutte contre le terrorisme, le Maroc est tr\u00e8s engag\u00e9, en particulier depuis les attentats de Casablanca du 16 mai 2003 qui ont acc\u00e9l\u00e9r\u00e9 l&#8217;adoption d&#8217;une loi sp\u00e9cifique contre le terrorisme.<\/p>\n\n\n\n<p>Cette loi retient une d\u00e9finition tr\u00e8s large du terrorisme, fait du terrorisme un d\u00e9lit sp\u00e9cifique, pr\u00e9voit des proc\u00e9dures particuli\u00e8res pour les crimes terroristes et des dispositions tr\u00e8s s\u00e9v\u00e8res et elle tient compte de la dimension internationale.<\/p>\n\n\n\n<p>Le Maroc a \u00e9galement sign\u00e9 en 1999 la Convention internationale pour la r\u00e9pression du financement du terrorisme.<\/p>\n\n\n\n<p>La coop\u00e9ration UE-Maroc a \u00e9galement \u00e9t\u00e9 renforc\u00e9e, notamment \u00e0 travers la mise en \u0153uvre des r\u00e9solutions UNSC 1267\/99 et 1373\/01 et \u00e0 travers la ratification de toutes les conventions et protocoles internationaux appropri\u00e9s y relatifs.<\/p>\n\n\n\n<p>La l\u00e9gislation sur la lutte contre le trafic\/traite des \u00eatres humains a \u00e9t\u00e9 renforc\u00e9e et l&#8217;\u00e9change d&#8217;information sur les questions de migration ill\u00e9gale activ\u00e9, notamment dans le cadre de la Direction de la Migration et de la Surveillance des Fronti\u00e8res et du Groupe de travail \u00ab Migrations et Affaires Sociales \u00bb, et ce en synergie avec le projet EUROMED de recherche et observation du ph\u00e9nom\u00e8ne migratoire.<\/p>\n\n\n\n<p>La coop\u00e9ration en mati\u00e8re de non-prolif\u00e9ration des armes de destruction massive et de pr\u00e9vention du trafic ill\u00e9gal de mat\u00e9riaux susceptibles d&#8217;intervenir dans la fabrication d&#8217;armes de destruction massive a \u00e9t\u00e9 renforc\u00e9e, notamment par la mise en \u0153uvre de la r\u00e9solution 1540\/04 du Conseil de s\u00e9curit\u00e9 des Nations Unies.<\/p>\n\n\n\n<p>A cet \u00e9gard, le Maroc a sign\u00e9 le Trait\u00e9 de Non-prolif\u00e9ration et la Convention sur l&#8217;interdiction de la mise au point, de la fabrication, du stockage et de l&#8217;emploi des armes chimiques et sur leur destruction.<\/p>\n\n\n\n<p>Enfin, en mati\u00e8re de lutte contre le trafic de stup\u00e9fiants, une Commission interminist\u00e9rielle a \u00e9t\u00e9 mise en place, en vue de l&#8217;\u00e9laboration d&#8217;une strat\u00e9gie nationale de lutte contre la drogue. Le Maroc a \u00e9galement ratifi\u00e9 plusieurs Conventions internationales y relatives et a renforc\u00e9 le r\u00f4le de la Commission Nationale des Stup\u00e9fiants et de l&#8217;Unit\u00e9 de Coordination de la Lutte<\/p>\n\n\n\n<p>Echange d\u2019informations sur la l\u00e9gislation, les pratiques, les typologies europ\u00e9ennes et les instruments internationaux (notamment les recommandations du Groupe d\u2019Action Financi\u00e8re (GAFI) en mati\u00e8re de pr\u00e9vention et lutte contre le blanchiment d\u2019argent et le financement du terrorisme.<\/p>\n\n\n\n<p>Poursuite du d\u00e9veloppement du cadre l\u00e9gislatif et r\u00e9glementaire en mati\u00e8re de pr\u00e9vention et lutte contre le blanchiment d\u2019argent et de financement du terrorisme conform\u00e9ment aux principes des recommandations du GAFI.<\/p>\n\n\n\n<p>Renforcement du dispositif national de pr\u00e9vention et de lutte anti-blanchiment et contre le financement du terrorisme.<\/p>\n\n\n\n<p>Renforcement de l\u2019\u00e9change d\u2019informations entre les syst\u00e8mes europ\u00e9ens de cellules du renseignement financier (\u00abFinancial Intelligence Unit (FIU)\u00bb) et le syst\u00e8me marocain, notamment dans le cadre du Groupe d\u2019Egmont.<\/p>\n\n\n\n<p>Elaboration d\u2019un programme de formation pour les magistrats, les procureurs, les forces de police et toute autre administration concern\u00e9e en la mati\u00e8re.<\/p>\n\n\n\n<p>Renforcement des capacit\u00e9s et consolidation du r\u00f4le pr\u00e9ventif de la FIU marocaine.<\/p>\n\n\n\n<p>Poursuite des campagnes de sensibilisation au profit des personnes assujetties.<\/p>\n\n\n\n<p>Elaboration des proc\u00e9dures de contr\u00f4le et de supervision des personnes assujetties.<\/p>\n\n\n\n<p><strong>Concertation accrue dans les enceintes multilat\u00e9rales<\/strong><\/p>\n\n\n\n<p><em>Approfondir la coop\u00e9ration en mati\u00e8re de non-prolif\u00e9ration d\u2019armes de destruction massive et de contr\u00f4le d\u2019exportations des armes et biens \u00e0 double usage<\/em><\/p>\n\n\n\n<p><strong>Position du Maroc<\/strong><\/p>\n\n\n\n<ul class=\"wp-block-list\">\n<li>La lutte anti-terroriste demeure l\u2019une des priorit\u00e9s nationales du Maroc notamment dans le cadre de sa strat\u00e9gie globale qui s\u2019articule autour de quatre volets (juridique, religieux, social et de s\u00e9curit\u00e9).<\/li>\n<\/ul>\n\n\n\n<ul class=\"wp-block-list\">\n<li>Le Maroc se dresse comme la derni\u00e8re barri\u00e8re \u00e0 l\u2019ensemble des menaces (terrorisme, trafic de drogue, d\u2019\u00eatre humains, etc.) \u00e0 l\u2019Europe. C\u2019est dans cet esprit que le Maroc plaide pour l\u2019adoption d\u2019une\u00a0 approche multiforme et int\u00e9gr\u00e9e, alliant la lutte contre la radicalisation violente, la mise en \u0153uvre de politiques de d\u00e9veloppement \u00a0\u00e9conomique, social et humain, et une mutualisation des moyens et instruments de lutte contre les diverses formes de menaces.\u00a0<\/li>\n<\/ul>\n\n\n\n<ul class=\"wp-block-list\">\n<li>Le Maroc est particuli\u00e8rement pr\u00e9occup\u00e9 par la pr\u00e9carit\u00e9 de la situation dans la r\u00e9gion sah\u00e9lo-saharienne, compte tenu de l\u2019absence de contr\u00f4le d\u2019une large partie de ce territoire par les pays de la r\u00e9gion. Cette zone perm\u00e9able a donn\u00e9 lieu \u00e0 une jonction entre le trafic de drogue, le terrorisme, le crime organis\u00e9 et la traite des \u00eatres humains.<\/li>\n<\/ul>\n\n\n\n<ul class=\"wp-block-list\">\n<li>Une autre zone perm\u00e9able serait le D\u00e9troit de Gibraltar.<\/li>\n<\/ul>\n\n\n\n<ul class=\"wp-block-list\">\n<li>D\u00e9plorer la posture de l\u2019Alg\u00e9rie qui isole le r\u00f4le du Maroc dans les efforts r\u00e9gionaux de lutte contre le terrorisme. Le Maroc reste la derni\u00e8re barri\u00e8re \u00e0 l\u2019ensemble des menaces (terrorisme, trafic de drogue, d\u2019\u00eatre humains, etc.) \u00e0 l\u2019Europe. R\u00e9it\u00e9rer l\u2019importance d\u2019une approche fond\u00e9e sur la responsabilit\u00e9 partag\u00e9e r\u00e9gionale.<\/li>\n<\/ul>\n\n\n\n<ul class=\"wp-block-list\">\n<li>Le caract\u00e8re transnational des menaces qui p\u00e8sent sur la r\u00e9gion, impose la mise en place de coop\u00e9rations renforc\u00e9es aux niveaux bilat\u00e9raux, sous- r\u00e9gional, r\u00e9gional, et international, en s\u2019appuyant sur des actions structurelles et des synergies solidaires.<\/li>\n<\/ul>\n\n\n\n<ul class=\"wp-block-list\">\n<li>L\u2019importance pour l\u2019UE notamment des Etats membres d\u2019\u0153uvrer de concert avec le Maroc dans le cadre d\u2019une coop\u00e9ration strat\u00e9gique et op\u00e9rationnelle pour relever les d\u00e9fis de la r\u00e9gion et ce selon le format qui conviendrait au Maroc.<\/li>\n<\/ul>\n\n\n\n<ul class=\"wp-block-list\">\n<li>La n\u00e9cessit\u00e9 pour l\u2019UE \u00e0 soutenir le Maroc dans le cadre de la mise en \u0153uvre de sa strat\u00e9gie de lutte contre le terrorisme et contre la radicalisation et souhaite dans ce sens examiner avec la partie marocaine, les possibilit\u00e9s de coop\u00e9ration bilat\u00e9rale dans ce domaine notamment par l\u2019\u00e9change d\u2019information.<\/li>\n<\/ul>\n\n\n\n<ul class=\"wp-block-list\">\n<li>L\u2019importance du r\u00f4le du Maroc pour diffuser un islam mod\u00e9r\u00e9 dans la r\u00e9gion.<\/li>\n<\/ul>\n\n\n\n<ul class=\"wp-block-list\">\n<li>Le Maroc estime que ces d\u00e9fis mettent en \u00e9vidence la n\u00e9cessit\u00e9 d\u2019une coop\u00e9ration r\u00e9gionale accrue et d\u2019une approche int\u00e9gr\u00e9e dans les domaines de la s\u00e9curit\u00e9 et du d\u00e9veloppement comme stipul\u00e9, d\u2019ailleurs dans la strat\u00e9gie de l\u2019UE pour le Sahel adopt\u00e9 en mars 2011.<\/li>\n<\/ul>\n\n\n\n<ol class=\"wp-block-list\">\n<li>Le Maroc a \u00e9t\u00e9 le premier pays \u00e0 avoir instaur\u00e9 avec l\u2019UE un dialogue politique renforc\u00e9 et une concertation r\u00e9guli\u00e8re avec le COPS et avoir initi\u00e9 une coop\u00e9ration renforc\u00e9e dans le cadre du CORTER qui peut constituer une plateforme de coop\u00e9ration strat\u00e9gique pour la lutte contre le terrorisme et la radicalisation.<\/li>\n<\/ol>\n\n\n\n<ul class=\"wp-block-list\">\n<li>La disposition de l\u2019UE \u00e0 soutenir le Maroc dans le cadre de la mise en \u0153uvre de sa strat\u00e9gie de lutte contre le terrorisme et contre la radicalisation et souhaite dans ce sens examiner avec la partie marocaine, les possibilit\u00e9s de coop\u00e9ration bilat\u00e9rale dans ce domaine notamment par l\u2019\u00e9change d\u2019information.<\/li>\n<\/ul>\n\n\n\n<ul class=\"wp-block-list\">\n<li>L\u2019importance pour l\u2019UE de compl\u00e9ter et pas concurrencer les coop\u00e9rations existantes entre le Maroc et les Etats membres de l\u2019UE et souhaite, dans ce cadre, formaliser une coop\u00e9ration avec le Maroc concernant le Sahel.<\/li>\n<\/ul>\n\n\n\n<p>La position de principe du Maroc concernant le terrorisme international est ferme et sans ambigu\u00eft\u00e9. Le Maroc condamne avec la plus grande fermet\u00e9 toutes les formes du terrorisme, quelles qu\u2019en soient les origines, les formes et les motivations, et est d\u00e9termin\u00e9 \u00e0 lutter r\u00e9solument contre toutes les mouvances terroristes qui exploitent la religion \u00e0 des fins politiques.<\/p>\n\n\n\n<p>&nbsp;<br>Le Maroc qui souscrit int\u00e9gralement \u00e0 toutes les r\u00e9solutions du Conseil de S\u00e9curit\u00e9 visant \u00e0 faire \u00e9chec au terrorisme, s\u2019emploie par tous les moyens dont il dispose, tant sur le plan national, r\u00e9gional, qu\u2019international \u00e0 lutter contre ce fl\u00e9au international et \u00e0 emp\u00eacher que des actes terroristes soient pr\u00e9par\u00e9s, financ\u00e9s ou perp\u00e9tr\u00e9s \u00e0 partir de son territoire.<\/p>\n\n\n\n<p><br>Mesurant \u00e0 sa juste valeur l\u2019ampleur du combat contre le terrorisme international, le Maroc poursuit une strat\u00e9gie globale, int\u00e9gr\u00e9e et proactive, visant \u00e0 ass\u00e9cher les terreaux du fanatisme et \u00e0 extraire les racines de ce ph\u00e9nom\u00e8ne.<\/p>\n\n\n\n<p><br>Ainsi, l\u2019objectif principal de la strat\u00e9gie du Maroc de lutte contre le terrorisme est de renforcer le tissu social national et de le pr\u00e9munir contre toutes les formes de radicalisme et de fanatisme herm\u00e9tique \u00e0 la modernit\u00e9. A cet \u00e9gard, le Maroc a adopt\u00e9 une d\u00e9marche globale, proactive et multidimensionnelle sur le plan politique, institutionnel, \u00e9conomique, social, culturel, \u00e9ducatif, religieux et m\u00e9diatique, visant la lutte contre l\u2019extr\u00e9misme, la pauvret\u00e9, l\u2019exclusion, la pr\u00e9carit\u00e9 et l\u2019analphab\u00e9tisme par le d\u00e9veloppement humain et le renforcement de l\u2019Etat de droit.&nbsp;<\/p>\n\n\n\n<p><br>En effet, le dispositif national de lutte contre le terrorisme, qui s\u2019appuie sur une importante l\u00e9gislation ant\u00e9rieure \u00e0 2001, a \u00e9t\u00e9 adapt\u00e9, renforc\u00e9 et enrichi par la loi antiterrorisme de 2003.<\/p>\n\n\n\n<p><br>En effet, le dispositif marocain de r\u00e9pression des infractions li\u00e9es au terrorisme comprend, outre les r\u00e8gles du droit marocain (Code P\u00e9nal, Code de Proc\u00e9dure P\u00e9nale, Code des Libert\u00e9s Publiques, Droit des Affaires, \u2026 etc.), des l\u00e9gislations sp\u00e9cifiques qui renferment, dans certains cas, des dispositions d\u00e9rogatoires au droit commun, essentiellement dans le but de renforcer les peines encourues pour les infractions li\u00e9es \u00e0 une entreprise terroriste et mettre en place des proc\u00e9dures sp\u00e9ciales destin\u00e9es \u00e0 faciliter la t\u00e2che des autorit\u00e9s judiciaires en mati\u00e8re d&#8217;enqu\u00eate, d&#8217;instruction ou d&#8217;ex\u00e9cution des d\u00e9cisions de justice. Ceci, dans le cadre du respect total des droits de la d\u00e9fense et de la consolidation des garanties n\u00e9cessaires au regard des Droits de l\u2019Homme.<br><br>Par ailleurs, conscient de l\u2019importance du contr\u00f4le des fronti\u00e8res et de la n\u00e9cessit\u00e9 de lutter contre le ph\u00e9nom\u00e8ne de l\u2019immigration clandestine comme soutien suppl\u00e9mentaire \u00e0 la lutte globale contre le terrorisme, le Maroc s\u2019est dot\u00e9 d\u2019une loi relative \u00e0 l\u2019entr\u00e9e et au s\u00e9jour des \u00e9trangers au Maroc, et l\u2019immigration irr\u00e9guli\u00e8re.<\/p>\n\n\n\n<div class=\"wp-block-file\"><a id=\"wp-block-file--media-52ac9053-136c-4f3c-bc0f-44e3d1219226\" href=\"http:\/\/xnalgrt.cluster100.hosting.ovh.net\/wp-content\/uploads\/2026\/01\/6d445-fiche-terrorisme-incomplete.docx\">6d445-fiche-terrorisme-incomplete<\/a><a href=\"http:\/\/xnalgrt.cluster100.hosting.ovh.net\/wp-content\/uploads\/2026\/01\/6d445-fiche-terrorisme-incomplete.docx\" class=\"wp-block-file__button wp-element-button\" download aria-describedby=\"wp-block-file--media-52ac9053-136c-4f3c-bc0f-44e3d1219226\">T\u00e9l\u00e9charger<\/a><\/div>\n<\/div>\n\n\n<div class=\"wp-block-group is-layout-flex wp-block-group-is-layout-flex\"><div style=\"font-size:16px;\" class=\"wp-block-post-date\"><time datetime=\"2026-01-16T21:48:20+00:00\"><a href=\"http:\/\/xnalgrt.cluster100.hosting.ovh.net\/index.php\/2026\/01\/16\/cooperation-maroc-ue-en-matiere-de-lutte-contre-le-terrorisme\/\">January 16, 2026<\/a><\/time><\/div>\n\n<div style=\"font-size:16px\" class=\"taxonomy-category wp-block-post-terms\"><a href=\"http:\/\/xnalgrt.cluster100.hosting.ovh.net\/index.php\/category\/blog\/\" rel=\"tag\">Blog<\/a><\/div>\n\n<\/div>\n\n\n\n<div style=\"height:120px;\" aria-hidden=\"true\" class=\"wp-block-spacer\"><\/div>\n\n<\/li><li class=\"wp-block-post post-440923 post type-post status-publish format-standard has-post-thumbnail hentry category-marocleaks category-sahara-occidental tag-ahmed-charai-2 tag-algerie tag-etats-unis-3 tag-front-polisario tag-lobbying tag-mohammed-vi tag-richard-miniter tag-sahara-occidental\">\n<h2 style=\"font-size:64px;line-height:1.2;\" class=\"wp-block-post-title\"><a href=\"http:\/\/xnalgrt.cluster100.hosting.ovh.net\/index.php\/2026\/01\/15\/maroc-dged-20-millions-article-richrd-miniter\/\" target=\"_self\" >Maroc : La DGED verse 20 millions de centimes pour un article futil<\/a><\/h2>\n\n\n\n<div class=\"entry-content wp-block-post-content is-layout-flow wp-block-post-content-is-layout-flow\">\n<p class=\"has-cyan-bluish-gray-color has-text-color has-link-color wp-elements-8044c6d96600122b68c8a96939a3499f\">Tags : Maroc \u00c9tats Unis Mohammed VI Richard Miniter Alg\u00e9rie Sahara Occidental Front Polisario Ahmed Chara\u00ef  Article sur Forbes Lobbying <\/p>\n\n\n<div class=\"wp-block-image\">\n<figure class=\"aligncenter size-full\"><img decoding=\"async\" src=\"http:\/\/xnalgrt.cluster100.hosting.ovh.net\/wp-content\/uploads\/2026\/01\/image-36.png\" alt=\"\" class=\"wp-image-440928\"\/><\/figure>\n<\/div>\n\n\n<p>Il s&#8217;agit d&#8217;un <a href=\"https:\/\/www.forbes.com\/sites\/richardminiter\/2012\/04\/25\/is-arab-spring-bad-for-investors\/?sh=1ce84d941e00\">article <\/a>paru dans le Magazine New Yorkais des Affaires \u00ab FORBES \u00bb. Son auteur Richard Miniter, est un blogueur pr\u00e9sent\u00e9 par Ahmed Chara\u00ef comme \u00ab Grand journaliste d\u2019investigation \u00bb en vue de gonfler son importance. \u00ab C\u2019est l\u2019un des meilleurs article \u00e9crit sur SM Le Roi depuis 10 ans, en plus par un Grand journaliste d\u2019investigation comme Richard Miniter!). A mon avis, l\u2019impact aux USA sera certainement fort, au Maroc, on doit le relayer au maximum. Je propose de le traduire, d\u00e8s sa publication, et de le publier dans Al Ahdate, l\u2019Economiste, sans oublier la presse \u00e9lectronique&#8221;, dit-il.<\/p>\n\n\n<div class=\"wp-block-image\">\n<figure class=\"aligncenter size-full\"><img decoding=\"async\" src=\"http:\/\/xnalgrt.cluster100.hosting.ovh.net\/wp-content\/uploads\/2026\/01\/image-37.png\" alt=\"\" class=\"wp-image-440929\"\/><\/figure>\n<\/div>\n\n\n<p>Suite \u00e0 la r\u00e9daction de cet article, Miniter a demand\u00e9 \u00e0 Chara\u00ef le prix. \u00ab N\u2019oublie pas mon cadeau (20.000 dollars) que tu m\u2019as promis \u00bb, dit-il dans un email dat\u00e9 du 24 avril 2012. \u00ab Je suppose que tu as mon num\u00e9ro de compte bancaire, a-t-il ajout\u00e9.<\/p>\n\n\n<div class=\"wp-block-image\">\n<figure class=\"aligncenter size-full\"><img decoding=\"async\" src=\"http:\/\/xnalgrt.cluster100.hosting.ovh.net\/wp-content\/uploads\/2026\/01\/image-35.png\" alt=\"\" class=\"wp-image-440924\"\/><\/figure>\n<\/div>\n\n\n<p>Dans un autre mail envoy\u00e9 le 3 mai 2012, Miniter rappelle qu\u2019il attend toujours son cadeau et fait la publicit\u00e9 \u00e0 son article. \u00ab J\u2019ai re\u00e7u de nombreux appels de plusieurs membres du personnel du d\u00e9put\u00e9 \u00e0 propos de l\u2019article. J\u2019esp\u00e8re que votre roi \u00e9tait tr\u00e8s heureux et qu\u2019un jour il me donnera une distinction \u00bb, a-t-il dit.<\/p>\n\n\n\n<h2 class=\"wp-block-heading\"><strong>Ce n\u2019\u00e9tait pas le premier article de Miniter en faveur du Maroc<\/strong><\/h2>\n\n\n\n<p>La relation entre le journaliste am\u00e9ricain et le Maroc ne remonte pas seulement \u00e0 son article d\u2019avril 2012, bien au contraire. Elle date de novembre 2010, lorsqu\u2019il a publi\u00e9 un article dans le <em>New York Post<\/em> sur les liens suppos\u00e9s entre le Polisario et Al-Qa\u00efda au Maghreb islamique. Il y affirmait que les camps de Tindouf \u00e9taient \u00ab en passe de devenir le prochain Afghanistan \u00bb. Il faisait partie des premiers journalistes am\u00e9ricains \u00e0 relayer ces accusations infond\u00e9es. L\u2019Agence marocaine de presse (MAP) avait ensuite traduit et diffus\u00e9 l\u2019article \u00e0 ses abonn\u00e9s.<\/p>\n\n\n\n<p>Depuis lors, les productions de Miniter en faveur du Maroc sont devenues r\u00e9guli\u00e8res. En ao\u00fbt 2012, il a critiqu\u00e9 ce qu\u2019il a qualifi\u00e9 d\u2019attaques continues de Kerry Kennedy contre le royaume. Plus r\u00e9cemment encore, \u00e0 l\u2019occasion de la tourn\u00e9e royale dans plusieurs pays africains en mars 2014, il a d\u00e9clar\u00e9 sur <em>Forbes<\/em> que l\u2019initiative royale constituait \u00ab une vision d\u2019espoir pour la libert\u00e9 d\u2019entreprendre et le changement en Afrique \u00bb.<\/p>\n\n\n\n<p>Cependant, Miniter n\u2019est pas employ\u00e9 par le c\u00e9l\u00e8bre magazine am\u00e9ricain. Il y tient simplement un blog. <em>Forbes<\/em> pr\u00e9cise d\u2019ailleurs \u2014 comme elle le fait pour les autres blogueurs qu\u2019elle h\u00e9berge \u2014 que les opinions exprim\u00e9es ne refl\u00e8tent pas n\u00e9cessairement celles du magazine.<\/p>\n\n\n\n<p>Selon les crit\u00e8res des techniques du renseignement international, ce que font aujourd\u2019hui les hommes de Yassine Mansouri ne d\u00e9passe pas des m\u00e9thodes primitives dans ce domaine, que ce soit en termes de logistique utilis\u00e9e ou de m\u00e9thodes de recrutement et de cooptation, ce qui conduit \u00e0 d\u00e9penser des sommes colossales pour des r\u00e9sultats d\u00e9risoires.<\/p>\n\n\n\n<p><strong>Lire aussi :<\/strong><\/p>\n\n\n\n<p class=\"has-cyan-bluish-gray-background-color has-background\"><a href=\"https:\/\/www.moroccomail.fr\/2026\/01\/07\/sahara-occidental-panzeri-tindouf-parlement-europeen\/\">Sahara Occidental : Une visite \u00e0 Tindouf pour \u00e9loigner les soup\u00e7ons (Maroc Leaks)<\/a><\/p>\n\n\n\n<p class=\"has-cyan-bluish-gray-background-color has-background\"><a href=\"https:\/\/www.moroccomail.fr\/2025\/12\/21\/algerie-election-presidentielle-avril-2014-bouteflika-maroc-leaks\/\">Maroc Leaks : Note sur l\u2019\u00e9lection pr\u00e9sidentielle en Alg\u00e9rie (avril 2014)<\/a><br><\/p>\n\n\n\n<p class=\"has-cyan-bluish-gray-background-color has-background\"><a href=\"https:\/\/www.moroccomail.fr\/2025\/03\/30\/maroc-leaks-lue-decouvre-des-irregularites-dans-les-subventions-destinees-au-maroc\/\">Maroc Leaks : L\u2019UE d\u00e9couvre des irr\u00e9gularit\u00e9s dans les subventions destin\u00e9es au Maroc<\/a><\/p>\n\n\n\n<p>#Maroc #\u00c9tats_Unis #Mohammed_VI #Richard_Miniter #Ahmed_Chara\u00ef #Article_sur_forbes #Lobbying #Alg\u00e9rie #Polisario #SaharaOccidental<\/p>\n\n\n\n<p><\/p>\n<\/div>\n\n\n<div class=\"wp-block-group is-layout-flex wp-block-group-is-layout-flex\"><div style=\"font-size:16px;\" class=\"wp-block-post-date\"><time datetime=\"2026-01-15T15:09:35+00:00\"><a href=\"http:\/\/xnalgrt.cluster100.hosting.ovh.net\/index.php\/2026\/01\/15\/maroc-dged-20-millions-article-richrd-miniter\/\">January 15, 2026<\/a><\/time><\/div>\n\n<div style=\"font-size:16px\" class=\"taxonomy-category wp-block-post-terms\"><a href=\"http:\/\/xnalgrt.cluster100.hosting.ovh.net\/index.php\/category\/marocleaks\/\" rel=\"tag\">Marocleaks<\/a><span class=\"wp-block-post-terms__separator\">, <\/span><a href=\"http:\/\/xnalgrt.cluster100.hosting.ovh.net\/index.php\/category\/sahara-occidental\/\" rel=\"tag\">Sahara Occidental<\/a><\/div>\n\n<div style=\"font-size:16px\" class=\"taxonomy-post_tag wp-block-post-terms\"><a href=\"http:\/\/xnalgrt.cluster100.hosting.ovh.net\/index.php\/tag\/ahmed-charai-2\/\" rel=\"tag\">Ahmed Chara\u00ef<\/a><span class=\"wp-block-post-terms__separator\">, <\/span><a href=\"http:\/\/xnalgrt.cluster100.hosting.ovh.net\/index.php\/tag\/algerie\/\" rel=\"tag\">Alg\u00e9rie<\/a><span class=\"wp-block-post-terms__separator\">, <\/span><a href=\"http:\/\/xnalgrt.cluster100.hosting.ovh.net\/index.php\/tag\/etats-unis-3\/\" rel=\"tag\">\u00c9tats Unis<\/a><span class=\"wp-block-post-terms__separator\">, <\/span><a href=\"http:\/\/xnalgrt.cluster100.hosting.ovh.net\/index.php\/tag\/front-polisario\/\" rel=\"tag\">Front Polisario<\/a><span class=\"wp-block-post-terms__separator\">, <\/span><a href=\"http:\/\/xnalgrt.cluster100.hosting.ovh.net\/index.php\/tag\/lobbying\/\" rel=\"tag\">lobbying<\/a><span class=\"wp-block-post-terms__separator\">, <\/span><a href=\"http:\/\/xnalgrt.cluster100.hosting.ovh.net\/index.php\/tag\/mohammed-vi\/\" rel=\"tag\">Mohammed VI<\/a><span class=\"wp-block-post-terms__separator\">, <\/span><a href=\"http:\/\/xnalgrt.cluster100.hosting.ovh.net\/index.php\/tag\/richard-miniter\/\" rel=\"tag\">Richard Miniter<\/a><span class=\"wp-block-post-terms__separator\">, <\/span><a href=\"http:\/\/xnalgrt.cluster100.hosting.ovh.net\/index.php\/tag\/sahara-occidental\/\" rel=\"tag\">Sahara Occidental<\/a><\/div><\/div>\n\n\n\n<div style=\"height:120px;\" aria-hidden=\"true\" class=\"wp-block-spacer\"><\/div>\n\n<\/li><li class=\"wp-block-post post-440920 post type-post status-publish format-standard has-post-thumbnail hentry category-sahara-occidental tag-donald-trump tag-etats-unis tag-front-polisario tag-maroc tag-resolution-2797-2025 tag-sahara-occidental\">\n<h2 style=\"font-size:64px;line-height:1.2;\" class=\"wp-block-post-title\"><a href=\"http:\/\/xnalgrt.cluster100.hosting.ovh.net\/index.php\/2026\/01\/14\/annexion-sahara-occidental-trump-etats-unis-maroc\/\" target=\"_self\" >L\u2019annexion du Sahara occidental sous la pression de Trump constitue un pr\u00e9c\u00e9dent dangereux<\/a><\/h2>\n\n\n\n<div class=\"entry-content wp-block-post-content is-layout-flow wp-block-post-content-is-layout-flow\">\n<p>Tags : Sahara Occidental, Maroc, Front Polisario, Etats-Unis, Donald Trump, R\u00e9solution 2797 (2025),<\/p>\n\n\n\n<p><strong>Le Conseil de l\u2019irresponsabilit\u00e9. Pourquoi la reconnaissance par le Conseil de s\u00e9curit\u00e9 de l\u2019ONU de l\u2019annexion du Sahara occidental sous la pression de Trump constitue un pr\u00e9c\u00e9dent dangereux<\/strong><br><em>Karina Olikova<\/em><\/p>\n\n\n\n<p>Sous la pression de l\u2019administration am\u00e9ricaine, le Conseil de s\u00e9curit\u00e9 de l\u2019ONU s\u2019est clairement rang\u00e9 du c\u00f4t\u00e9 du Maroc dans son conflit avec les habitants du Sahara occidental, annex\u00e9 par les Marocains il y a plusieurs d\u00e9cennies. Dict\u00e9e, semble-t-il, par le d\u00e9sir de Donald Trump d\u2019inscrire le plus rapidement possible un nouveau conflit \u00ab r\u00e9solu \u00bb \u00e0 son actif, la d\u00e9cision du Conseil de s\u00e9curit\u00e9 r\u00e9duit \u00e0 n\u00e9ant des d\u00e9cennies de recherche d\u2019un compromis sur cette question extr\u00eamement complexe. En outre, elle cr\u00e9e un pr\u00e9c\u00e9dent dangereux de l\u00e9gitimation des annexions par l\u2019interm\u00e9diaire de ce qui demeure le principal organe de la coop\u00e9ration internationale.<\/p>\n\n\n\n<p>Le 10 d\u00e9cembre, \u00e0 l\u2019occasion de la Journ\u00e9e internationale des droits de l\u2019homme, le Groupe de travail sur les droits de l\u2019homme au Sahara occidental a publi\u00e9 une lettre ouverte adress\u00e9e en premier lieu aux \u00c9tats membres de l\u2019ONU. Il y est affirm\u00e9 que des milliers de Sahraouis, repr\u00e9sentants du peuple autochtone du Sahara, sont victimes de violences syst\u00e9matiques de la part des autorit\u00e9s marocaines. Leurs terres ont \u00e9t\u00e9 annex\u00e9es par la monarchie voisine il y a un demi-si\u00e8cle, ils ne disposent d\u2019aucun moyen de d\u00e9fendre leurs droits, et la communaut\u00e9 internationale, dans l\u2019ensemble, a ferm\u00e9 les yeux sur leur sort.<\/p>\n\n\n\n<p>Le Groupe de travail sur les droits de l\u2019homme au Sahara occidental est compos\u00e9 de repr\u00e9sentants sahraouis. Dans leur lettre, ils attirent s\u00e9par\u00e9ment l\u2019attention sur le r\u00f4le n\u00e9gatif de Donald Trump et soulignent que la d\u00e9cision prise par celui-ci d\u00e8s 2020 de soutenir les revendications marocaines sur la souverainet\u00e9 du Sahara occidental a aggrav\u00e9 la situation de la population autochtone et encourag\u00e9 les autorit\u00e9s marocaines, notamment, \u00e0 commettre de nouveaux crimes contre les populations indig\u00e8nes.<\/p>\n\n\n\n<p>Cependant, la lettre ne mentionne pas le fait qu\u2019\u00e0 la toute fin du mois d\u2019octobre de cette ann\u00e9e, la position de Trump a \u00e9t\u00e9 soutenue par le Conseil de s\u00e9curit\u00e9 de l\u2019Organisation des Nations unies, qui a adopt\u00e9 une r\u00e9solution reconnaissant au Maroc des droits sur le Sahara occidental. Dans ses points essentiels, le document reprend le plan de r\u00e8glement pacifique du conflit avec les Sahraouis adopt\u00e9 par les autorit\u00e9s marocaines. Le plan et la r\u00e9solution pr\u00e9voient l\u2019octroi d\u2019une autonomie formelle \u00e0 la r\u00e9gion. Les autorit\u00e9s centrales conservent toutefois toutes les d\u00e9cisions relatives \u00e0 la politique de d\u00e9fense, \u00e0 la gestion des ressources naturelles et aux questions de s\u00e9curit\u00e9.<\/p>\n\n\n\n<p>Pendant des d\u00e9cennies, l\u2019ONU a report\u00e9 la r\u00e9solution de la question de la souverainet\u00e9 du Maroc sur le Sahara occidental, en s\u2019effor\u00e7ant de se distancier \u00e0 la fois des Sahraouis qui r\u00e9clamaient l\u2019ind\u00e9pendance et du monarque marocain, qui a obtenu le contr\u00f4le de cet immense territoire sur des bases, pour le moins, contestables.<\/p>\n\n\n\n<h3 class=\"wp-block-heading\">L\u2019h\u00e9ritage du colonialisme<\/h3>\n\n\n\n<p>Depuis la fin du XIX\u1d49 si\u00e8cle, le Sahara occidental \u00e9tait une colonie espagnole. Dans les ann\u00e9es 1950, Madrid l\u2019a int\u00e9gr\u00e9 \u00e0 l\u2019\u00c9tat en tant que province. L\u2019\u00e9poque \u00e9tait d\u00e9j\u00e0 celle de la d\u00e9colonisation, et l\u2019ONU exer\u00e7ait une pression constante sur l\u2019Espagne, exigeant qu\u2019elle mette fin \u00e0 son pass\u00e9 imp\u00e9rialiste et quitte le Sahara. \u00c0 cette pression se sont joints la Mauritanie et le Maroc, voisins du Sahara espagnol, chacun de ces \u00c9tats envisageant d\u2019int\u00e9grer la r\u00e9gion \u00e0 son propre territoire.<\/p>\n\n\n\n<p>La question de l\u2019appartenance de la r\u00e9gion a m\u00eame \u00e9t\u00e9 soumise, \u00e0 l\u2019initiative de la direction de l\u2019ONU, \u00e0 la Cour internationale de justice. En octobre 1975, la Cour a rendu un avis reconnaissant l\u2019existence de liens culturels, ethniques et \u00e9conomiques \u00e9troits entre le Sahara occidental et le Maroc, tout en accordant \u00e0 la population de la r\u00e9gion le droit de d\u00e9cider elle-m\u00eame de son avenir par r\u00e9f\u00e9rendum. Celui-ci devait toutefois \u00eatre report\u00e9 \u00ab jusqu\u2019\u00e0 ce que l\u2019Assembl\u00e9e g\u00e9n\u00e9rale des Nations unies prenne une d\u00e9cision sur la politique \u00e0 mener pour acc\u00e9l\u00e9rer le processus de d\u00e9colonisation \u00bb, quelle que soit la signification exacte de cette formule.<\/p>\n\n\n\n<p>Quelques semaines seulement apr\u00e8s la publication de l\u2019avis de la Cour internationale de justice, le roi du Maroc Hassan II a appel\u00e9 ses sujets \u00e0 marcher pacifiquement vers le Sahara afin de \u00ab mettre fin \u00e0 l\u2019imp\u00e9rialisme espagnol \u00bb, sans attendre les d\u00e9cisions de l\u2019Assembl\u00e9e g\u00e9n\u00e9rale. Pour le monarque, l\u2019extension de sa souverainet\u00e9 au Sahara occidental ne constituait pas une annexion, mais la restauration de l\u2019int\u00e9grit\u00e9 territoriale du pays, viol\u00e9e par les conqu\u00e9rants europ\u00e9ens plus d\u2019un si\u00e8cle auparavant.<\/p>\n\n\n\n<p>Le 6 novembre 1975, 350 000 Marocains, parmi lesquels de nombreuses femmes et enfants, ont franchi la fronti\u00e8re du Sahara occidental et p\u00e9n\u00e9tr\u00e9 de plusieurs kilom\u00e8tres \u00e0 l\u2019int\u00e9rieur de son territoire. Ils portaient des drapeaux nationaux et des portraits du roi et scandaient des slogans exigeant de \u00ab rendre le Sahara aux Marocains \u00bb.<\/p>\n\n\n\n<h3 class=\"wp-block-heading\">Une annexion \u00e9clair<\/h3>\n\n\n\n<p>Le moment choisi pour cette annexion pacifique \u00e9tait id\u00e9al : le caudillo espagnol Francisco Franco, au pouvoir depuis 36 ans, \u00e9tait gravement malade, et les \u00e9lites politiques se d\u00e9chiraient pour sa succession. Personne n\u2019avait l\u2019intention de se lancer s\u00e9rieusement dans un conflit pour un d\u00e9sert sur un continent voisin. Malgr\u00e9 un avantage \u00e9crasant en effectifs et en mat\u00e9riel, les Espagnols ont c\u00e9d\u00e9 sans combat le Sahara occidental au Maroc et \u00e0 la Mauritanie, cette derni\u00e8re recevant la partie sud de la r\u00e9gion. Les int\u00e9r\u00eats de la population locale n\u2019ont pas \u00e9t\u00e9 pris en compte lors du transfert du Sahara occidental. Pourtant, les accords de Madrid qui r\u00e9gissaient ce transfert pr\u00e9voyaient l\u2019obligation de tenir compte de l\u2019avis des habitants autochtones de la r\u00e9gion, exprim\u00e9 par leurs repr\u00e9sentants au sein de l\u2019assembl\u00e9e populaire locale \u2014 la Djemaa.<\/p>\n\n\n\n<p>Une partie de la population locale menait d\u00e9j\u00e0 depuis plusieurs ann\u00e9es, au moment de la signature des accords de Madrid, une guerre de gu\u00e9rilla de faible intensit\u00e9 contre les Espagnols pour l\u2019ind\u00e9pendance des terres habit\u00e9es par les Sahraouis. Le plus important des groupes de gu\u00e9rilla \u00e9tait le Front Polisario, qui attaquait des garnisons espagnoles isol\u00e9es et s\u2019emparait d\u2019armes dans des d\u00e9p\u00f4ts militaires et policiers. Peu nombreux \u2014 quelques centaines de combattants seulement au moment du d\u00e9part des Espagnols \u2014 les groupes arm\u00e9s de la gu\u00e9rilla b\u00e9n\u00e9ficiaient du soutien de l\u2019Alg\u00e9rie voisine, qui revendiquait \u00e9galement une partie du territoire du Sahara occidental. Ignor\u00e9e par les accords de Madrid, l\u2019Alg\u00e9rie a alors renonc\u00e9 \u00e0 la diplomatie au profit de la violence, f\u00fbt-elle exerc\u00e9e par procuration.<\/p>\n\n\n\n<p>Les combattants du Front ont tent\u00e9 de s\u2019emparer des localit\u00e9s m\u00e9ridionales abandonn\u00e9es par les Espagnols, mais ont \u00e9t\u00e9 vaincus en quelques jours par l\u2019arm\u00e9e mauritanienne. Ce n\u2019\u00e9tait que le d\u00e9but d\u2019un chaos monstrueux et souvent sanglant dans lequel le Sahara occidental allait sombrer pendant de nombreuses ann\u00e9es. Des rapports des services de renseignement am\u00e9ricains de la fin des ann\u00e9es 1970 indiquent que la situation dans la r\u00e9gion a attir\u00e9 l\u2019attention et l\u2019ing\u00e9rence non seulement des \u00c9tats et acteurs non \u00e9tatiques d\u00e9j\u00e0 mentionn\u00e9s, mais aussi d\u2019autres pays, dont la Libye, le B\u00e9nin, l\u2019URSS et m\u00eame la Cor\u00e9e du Nord. Le Sahara occidental est ainsi devenu l\u2019un des fronts les plus acharn\u00e9s de la guerre froide, m\u00eame s\u2019il n\u2019\u00e9tait pas le plus m\u00e9diatis\u00e9.<\/p>\n\n\n\n<h3 class=\"wp-block-heading\">La guerre froide dans le Sahara<\/h3>\n\n\n\n<p>Le Maroc b\u00e9n\u00e9ficiait d\u2019une aide financi\u00e8re, militaire et diplomatique des \u00c9tats-Unis et de l\u2019Europe occidentale (en premier lieu de la France), tandis que le Front Polisario \u00e9tait soutenu par le bloc socialiste. Avant l\u2019effondrement de l\u2019URSS, le Front a m\u00eame rejoint l\u2019Internationale socialiste, dont il demeure aujourd\u2019hui membre consultatif. Mais sa principale r\u00e9ussite a \u00e9t\u00e9 la proclamation de la R\u00e9publique arabe sahraouie d\u00e9mocratique (RASD), qui revendique l\u2019ensemble des 266 000 km\u00b2 du Sahara occidental.<\/p>\n\n\n\n<p>Pour justifier sa l\u00e9gitimit\u00e9, la direction de la RASD s\u2019est appuy\u00e9e sur le fait que la proclamation de l\u2019ind\u00e9pendance du nouvel \u00c9tat avait \u00e9t\u00e9 soutenue par la majorit\u00e9 des d\u00e9put\u00e9s du parlement local, convoqu\u00e9 encore sous la domination espagnole. Or, comme mentionn\u00e9 plus haut, les accords de Madrid obligeaient les parties \u00e0 respecter la position des parlementaires sahraouis. Du point de vue du gouvernement de la RASD, la nouvelle r\u00e9publique \u00e9tait la successeure l\u00e9gale de l\u2019administration espagnole (elle a d\u2019ailleurs \u00e9t\u00e9 proclam\u00e9e le lendemain de la fin formelle de la souverainet\u00e9 de Madrid sur le Sahara occidental), tandis que le Maroc et la Mauritanie \u00e9taient des \u00c9tats occupants ayant envahi ill\u00e9galement un territoire \u00e9tranger et y imposant leurs r\u00e8gles par la force.<\/p>\n\n\n\n<p>La RASD est une r\u00e9publique partiellement reconnue assez atypique, tr\u00e8s diff\u00e9rente de ses \u00ab homologues \u00bb de m\u00eame statut. Elle n\u2019est contr\u00f4l\u00e9e par aucune puissance occupante, contrairement \u00e0 la plupart des autres r\u00e9publiques partiellement reconnues, depuis les entit\u00e9s satellites russes d\u2019Abkhazie et d\u2019Oss\u00e9tie du Sud jusqu\u2019\u00e0 Chypre du Nord, cr\u00e9\u00e9e et maintenue par la force des ba\u00efonnettes turques.<\/p>\n\n\n\n<p>La R\u00e9publique arabe sahraouie d\u00e9mocratique est une entit\u00e9 pleinement autonome, reconnue non pas par la Russie et quelques \u00c9tats insulaires avides de cr\u00e9dits bon march\u00e9, mais par pr\u00e8s de cinquante pays tr\u00e8s divers, dont l\u2019Afrique du Sud, le P\u00e9rou et le Mexique. S\u2019il existe une comparaison pertinente, elle se situe plut\u00f4t du c\u00f4t\u00e9 du Timor oriental que d\u2019une Abkhazie ou d\u2019une Transnistrie hypoth\u00e9tique.<\/p>\n\n\n\n<p>Cela \u00e9tant, la RASD n\u2019a jamais contr\u00f4l\u00e9 l\u2019ensemble du territoire du Sahara occidental, ni m\u00eame sa plus grande partie. La r\u00e9publique partiellement reconnue conserve le contr\u00f4le de quelques zones du sud-est de la r\u00e9gion, dont la majorit\u00e9 avaient \u00e9t\u00e9 occup\u00e9es par l\u2019arm\u00e9e mauritanienne apr\u00e8s 1975. Pour cette derni\u00e8re, l\u2019occupation d\u2019une partie du Sahara occidental s\u2019est r\u00e9v\u00e9l\u00e9e \u00eatre un fardeau insupportable. Les gu\u00e9rilleros sahraouis harcelaient sans rel\u00e2che les convois et les garnisons mauritaniens, les attaquant par surprise avant de se replier aussit\u00f4t dans le d\u00e9sert, qu\u2019ils connaissaient parfaitement.<\/p>\n\n\n\n<p>L\u2019arm\u00e9e mauritanienne, tr\u00e8s peu nombreuse \u2014 quelques milliers d\u2019hommes seulement \u2014 subissait des pertes qu\u2019elle ne pouvait se permettre. La guerre contre les Sahraouis risquait de conduire litt\u00e9ralement \u00e0 la destruction des forces arm\u00e9es d\u2019un pays entier. M\u00eame l\u2019intervention de l\u2019aviation fran\u00e7aise n\u2019y changea rien. Reconnaissant l\u2019impossibilit\u00e9 de poursuivre les combats, la Mauritanie renon\u00e7a en 1979 \u00e0 toute revendication sur le Sahara occidental et se retira des zones qu\u2019elle occupait jusque-l\u00e0, certaines \u00e9tant imm\u00e9diatement prises par l\u2019arm\u00e9e marocaine, d\u2019autres par le Front Polisario.<\/p>\n\n\n\n<h3 class=\"wp-block-heading\">Sous la monarchie marocaine<\/h3>\n\n\n\n<p>Les Marocains, bien qu\u2019ils disposent d\u2019une arm\u00e9e incomparablement plus performante que celle de la Mauritanie, subissaient eux aussi des pertes dans la guerre de gu\u00e9rilla qu\u2019ils auraient pr\u00e9f\u00e9r\u00e9 \u00e9viter. C\u2019est pourquoi, dans les ann\u00e9es 1980, Rabat est progressivement pass\u00e9 de la position \u00ab aucune concession aux s\u00e9paratistes, cette terre est historiquement la n\u00f4tre \u00bb \u00e0 \u00ab essayons malgr\u00e9 tout de n\u00e9gocier \u00bb. D\u2019autant plus que l\u2019arbitre international principal \u2014 l\u2019ONU \u2014 insistait, depuis l\u2019\u00e9poque de la domination espagnole, sur le droit des Sahraouis \u00e0 l\u2019autod\u00e9termination par r\u00e9f\u00e9rendum.<\/p>\n\n\n\n<p>C\u2019est en grande partie la position de l\u2019ONU, qui refusait de reconna\u00eetre l\u2019annexion du Sahara occidental sans un consentement clair de la population locale, confirm\u00e9 par un vote, qui a l\u00e9gitim\u00e9 la RASD. La r\u00e9publique partiellement reconnue a m\u00eame \u00e9t\u00e9 admise au sein de l\u2019Organisation de l\u2019unit\u00e9 africaine (OUA), devenue par la suite l\u2019Union africaine.<\/p>\n\n\n\n<p>En 1988, l\u2019OUA et l\u2019ONU ont adopt\u00e9 une r\u00e9solution appelant \u00e0 l\u2019organisation d\u2019un r\u00e9f\u00e9rendum parmi la population du Sahara occidental, afin que les habitants puissent d\u00e9cider eux-m\u00eames de leur avenir. Quelques ann\u00e9es plus tard, une mission enti\u00e8re de l\u2019ONU a \u00e9t\u00e9 cr\u00e9\u00e9e pour organiser et superviser ce r\u00e9f\u00e9rendum. Sa mise en place a constitu\u00e9 l\u2019\u00e9tape principale menant au cessez-le-feu officiellement en vigueur depuis 1991. Cependant, d\u00e8s ses premiers jours, la mission s\u2019est heurt\u00e9e \u00e0 des difficult\u00e9s manifestement insurmontables.<\/p>\n\n\n\n<p>Le point crucial \u00e9tait le suivant : Rabat s\u2019opposait cat\u00e9goriquement \u00e0 toute mention de l\u2019ind\u00e9pendance du Sahara occidental sur le bulletin de vote et n\u2019\u00e9tait pr\u00eat \u00e0 soumettre au pl\u00e9biscite que diff\u00e9rentes options d\u2019autonomie r\u00e9gionale. Les Sahraouis, quant \u00e0 eux, exigeaient que la question de l\u2019ind\u00e9pendance totale soit pr\u00e9cis\u00e9ment celle pos\u00e9e lors du r\u00e9f\u00e9rendum. Ils demandaient \u00e9galement que seuls les habitants autochtones du Sahara occidental puissent participer au vote, tandis que les colons marocains, d\u00e9j\u00e0 plus nombreux que les autochtones dans les ann\u00e9es 1990, ne devraient pas avoir le droit de voter.<\/p>\n\n\n\n<p>Dans le m\u00eame temps, le gouvernement de la RASD se d\u00e9clarait pr\u00eat \u00e0 accorder sa citoyennet\u00e9 aux colons et \u00e0 leurs descendants. Parmi les autres points de discorde figuraient l\u2019organisation du vote dans les camps de r\u00e9fugi\u00e9s sahraouis en Alg\u00e9rie et dans les territoires \u00e9chappant au contr\u00f4le des autorit\u00e9s marocaines. Les parties et les m\u00e9diateurs se sont enlis\u00e9s dans d\u2019interminables n\u00e9gociations, concertations et ajustements de positions.<\/p>\n\n\n\n<p>Finalement, en 2007, les autorit\u00e9s marocaines ont adopt\u00e9 ce que l\u2019on a appel\u00e9 le plan d\u2019autonomie, visant \u00e0 l\u2019int\u00e9gration la plus rapide et la plus compl\u00e8te possible du Sahara occidental. Il devait \u00eatre approuv\u00e9 d\u2019une mani\u00e8re ou d\u2019une autre par la population locale, mais sans r\u00e9f\u00e9rendum. Ou plut\u00f4t, un r\u00e9f\u00e9rendum pouvait avoir lieu, mais avec une seule question : \u00ab Approuvez-vous le plan d\u2019autonomie propos\u00e9 ? \u00bb<\/p>\n\n\n\n<p>Le plan se r\u00e9sumait \u00e0 ceci : les habitants du Sahara occidental \u00ab obtiendront le droit \u00e0 l\u2019autonomie locale, sans porter atteinte \u00e0 la souverainet\u00e9 et \u00e0 l\u2019int\u00e9grit\u00e9 territoriale du Royaume du Maroc \u00bb, leurs langues et leur culture seront prot\u00e9g\u00e9es au niveau de l\u2019\u00c9tat, et des organes \u00e9lus du pouvoir ex\u00e9cutif et l\u00e9gislatif seront cr\u00e9\u00e9s pour g\u00e9rer les affaires internes de la r\u00e9gion. Autrement dit : des \u00e9coles nationales et des manuels scolaires, un parlement local charg\u00e9 de l\u2019am\u00e9nagement paysager et de la construction de routes, des fonctionnaires sahraouis \u00e9lus par les Sahraouis mais contr\u00f4l\u00e9s par Rabat \u2014 et pas question de penser \u00e0 l\u2019ind\u00e9pendance.<\/p>\n\n\n\n<p>Ce plan, soutenu par une partie des \u00c9tats occidentaux, a \u00e9t\u00e9 imm\u00e9diatement rejet\u00e9 par la RASD comme ignorant les droits des Sahraouis et l\u00e9gitimant l\u2019occupation. \u00c0 l\u2019ONU, il a \u00e9t\u00e9 qualifi\u00e9 de \u00ab proposition s\u00e9rieuse m\u00e9ritant examen \u00bb, mais la mission charg\u00e9e de pr\u00e9parer le r\u00e9f\u00e9rendum n\u2019a pas \u00e9t\u00e9 dissoute. Plus g\u00e9n\u00e9ralement, l\u2019Organisation a montr\u00e9 qu\u2019elle consid\u00e9rait le plan d\u2019autonomie comme l\u2019une des solutions possibles, \u00e0 laquelle on pourrait recourir si toutes les parties au conflit y consentaient.<\/p>\n\n\n\n<p>Dans le m\u00eame temps, le statut du Sahara occidental demeurait extr\u00eamement flou : officiellement, aucun pays au monde ne reconnaissait la souverainet\u00e9 du Maroc sur ce territoire \u2014 \u00e0 l\u2019exception, bien s\u00fbr, du Maroc lui-m\u00eame. Ce conflit est rest\u00e9 dans cet \u00e9tat de suspension jusqu\u2019\u00e0 l\u2019arriv\u00e9e de la premi\u00e8re administration de Donald Trump. En 2020, Washington a d\u00e9cid\u00e9 de se ranger sans ambigu\u00eft\u00e9 du c\u00f4t\u00e9 de Rabat.<\/p>\n\n\n\n<h3 class=\"wp-block-heading\">Trump, \u00ab artisan de la paix \u00bb<\/h3>\n\n\n\n<p>\u00ab Par la pr\u00e9sente, moi, Donald J. Trump, pr\u00e9sident des \u00c9tats-Unis d\u2019Am\u00e9rique, en vertu des pouvoirs qui me sont conf\u00e9r\u00e9s par la Constitution et les lois des \u00c9tats-Unis, proclame que les \u00c9tats-Unis reconnaissent que l\u2019ensemble du territoire du Sahara occidental fait partie du Royaume du Maroc. En foi de quoi, j\u2019ai appos\u00e9 ma signature sur le pr\u00e9sent document ce quatri\u00e8me jour de d\u00e9cembre de l\u2019an deux mille vingt de Notre Seigneur et de la deux cent quarante-cinqui\u00e8me ann\u00e9e de l\u2019ind\u00e9pendance des \u00c9tats-Unis d\u2019Am\u00e9rique \u00bb, d\u00e9clarait le communiqu\u00e9 officiel de la Maison-Blanche, r\u00e9dig\u00e9 dans le style trumpien inimitable.<\/p>\n\n\n\n<p>Il est int\u00e9ressant de noter qu\u2019\u00e0 l\u2019\u00e9poque, tant les dirigeants de l\u2019ONU que des experts reconnus en relations internationales affirmaient presque \u00e0 l\u2019unisson que la position des \u00c9tats-Unis n\u2019influencerait pas l\u2019attitude des autres pays et organisations supranationales \u00e0 l\u2019\u00e9gard du conflit, et que la question de l\u2019appartenance du Sahara occidental \u00e9tait trop complexe et douloureuse pour \u00eatre tranch\u00e9e de mani\u00e8re aussi cat\u00e9gorique. Pourtant, cinq ans plus tard, en octobre 2025, sous la pression d\u2019un pr\u00e9sident am\u00e9ricain manifestement soucieux de se forger une image de principal artisan de la paix sur la plan\u00e8te, le Conseil de s\u00e9curit\u00e9 de l\u2019ONU a adopt\u00e9 \u2014 sans une seule voix contre \u2014 une r\u00e9solution soutenant le plan d\u2019autonomie marocain. Le m\u00eame plan qui ent\u00e9rine sans ambigu\u00eft\u00e9 l\u2019appartenance du Sahara occidental au Maroc et ne mentionne \u00e0 aucun moment la possibilit\u00e9 pour la r\u00e9gion de devenir un \u00c9tat ind\u00e9pendant.<\/p>\n\n\n\n<p>Les arguments avanc\u00e9s en faveur du plan marocain sont les suivants : le Maroc administre depuis assez longtemps 80 % du territoire du Sahara occidental et, dans l\u2019ensemble, g\u00e8re efficacement la r\u00e9gion ; environ deux tiers de la population du Sahara occidental (en premier lieu les colons et leurs descendants) s\u2019identifient clairement comme Marocains et ne souhaitent pas de changement du statu quo ; enfin, le Front Polisario n\u2019a tout simplement pas, et n\u2019aura pas dans un avenir pr\u00e9visible, de r\u00e9elles chances de construire un \u00c9tat souverain viable sur l\u2019ensemble du territoire qu\u2019il revendique.<\/p>\n\n\n\n<p>Ce sont pr\u00e9cis\u00e9ment ces arguments que le Conseil de s\u00e9curit\u00e9 a soutenus, malgr\u00e9 leur caract\u00e8re, pour le moins, ambigu. Certains observateurs se sont m\u00eame empress\u00e9s d\u2019affirmer qu\u2019en soutenant cette r\u00e9solution, l\u2019ONU avait trahi sa mission d\u00e9colonisatrice (l\u2019une de ses missions fondamentales, soit dit en passant) et que le Conseil de s\u00e9curit\u00e9 s\u2019\u00e9tait rang\u00e9 du c\u00f4t\u00e9 du plus fort, renon\u00e7ant \u00e0 l\u2019arbitrage international pour lequel il avait \u00e9t\u00e9 cr\u00e9\u00e9.<\/p>\n\n\n\n<p>En outre, on craint que les arguments utilis\u00e9s par le Maroc et les \u00c9tats qui l\u2019ont soutenu pour justifier l\u2019appartenance du Sahara occidental \u00e0 la monarchie nord-africaine puissent servir \u00e0 l\u00e9gitimer des annexions dans d\u2019autres r\u00e9gions. Car si le Maroc peut revendiquer des milliers de kilom\u00e8tres carr\u00e9s de territoire uniquement parce qu\u2019il les administre de facto depuis de nombreuses ann\u00e9es et que les colons d\u00e9plac\u00e9s depuis d\u2019autres r\u00e9gions ne souhaitent pas voir leur statu quo modifi\u00e9, qu\u2019est-ce qui emp\u00eacherait Isra\u00ebl de l\u00e9galiser ses colonies en Cisjordanie, toujours consid\u00e9r\u00e9es comme ill\u00e9gales du point de vue du droit international ? La m\u00eame question se pose pour les territoires syriens occup\u00e9s.<\/p>\n\n\n\n<p>En quoi l\u2019annexion du Sahara occidental, accompagn\u00e9e d\u2019un exode massif de la population autochtone et d\u2019un afflux encore plus massif de colons, diff\u00e8re-t-elle fondamentalement de la prise de la Crim\u00e9e ukrainienne ? L\u00e0 aussi, les occupants proc\u00e8dent \u00e0 un remplacement forc\u00e9 de la population, en installant des dizaines de milliers de Russes et en cr\u00e9ant des conditions de vie de plus en plus insupportables pour les Tatars de Crim\u00e9e et les Ukrainiens. Les \u00c9mirats arabes unis pourront-ils exiger la reconnaissance de leur souverainet\u00e9 sur l\u2019\u00eele y\u00e9m\u00e9nite de Socotra s\u2019ils d\u00e9cident d\u2019y maintenir leur pr\u00e9sence militaire pendant de longues ann\u00e9es, tout en expulsant les habitants m\u00e9contents de l\u2019invasion \u00e9trang\u00e8re pour les remplacer par une population qui leur serait loyale ?<\/p>\n\n\n\n<p>C\u2019est pr\u00e9cis\u00e9ment la crainte de cr\u00e9er un pr\u00e9c\u00e9dent international extr\u00eamement dangereux qui a emp\u00each\u00e9 l\u2019ONU, pendant cinq d\u00e9cennies, de prendre une d\u00e9cision sans \u00e9quivoque sur l\u2019appartenance du Sahara occidental. Donald Trump, m\u00fb par ses propres ambitions, est \u00e0 ce point obs\u00e9d\u00e9 par son d\u00e9sir d\u2019entrer dans l\u2019histoire comme le meilleur pr\u00e9sident am\u00e9ricain de tous les temps qu\u2019il ne pr\u00eate manifestement aucune attention au fait qu\u2019en poursuivant cet objectif, il sape les fondements du droit international et fragilise des institutions supranationales d\u00e9j\u00e0 loin d\u2019\u00eatre pleinement efficaces.<\/p>\n\n\n\n<p>#SaharaOccidental #Polisario #Maroc #EtatsUnis #Trump #R\u00e9solution2797<\/p>\n<\/div>\n\n\n<div class=\"wp-block-group is-layout-flex wp-block-group-is-layout-flex\"><div style=\"font-size:16px;\" class=\"wp-block-post-date\"><time datetime=\"2026-01-14T23:25:05+00:00\"><a href=\"http:\/\/xnalgrt.cluster100.hosting.ovh.net\/index.php\/2026\/01\/14\/annexion-sahara-occidental-trump-etats-unis-maroc\/\">January 14, 2026<\/a><\/time><\/div>\n\n<div style=\"font-size:16px\" class=\"taxonomy-category wp-block-post-terms\"><a href=\"http:\/\/xnalgrt.cluster100.hosting.ovh.net\/index.php\/category\/sahara-occidental\/\" rel=\"tag\">Sahara Occidental<\/a><\/div>\n\n<div style=\"font-size:16px\" class=\"taxonomy-post_tag wp-block-post-terms\"><a href=\"http:\/\/xnalgrt.cluster100.hosting.ovh.net\/index.php\/tag\/donald-trump\/\" rel=\"tag\">Donald Trump<\/a><span class=\"wp-block-post-terms__separator\">, <\/span><a href=\"http:\/\/xnalgrt.cluster100.hosting.ovh.net\/index.php\/tag\/etats-unis\/\" rel=\"tag\">Etats-Unis<\/a><span class=\"wp-block-post-terms__separator\">, <\/span><a href=\"http:\/\/xnalgrt.cluster100.hosting.ovh.net\/index.php\/tag\/front-polisario\/\" rel=\"tag\">Front Polisario<\/a><span class=\"wp-block-post-terms__separator\">, <\/span><a href=\"http:\/\/xnalgrt.cluster100.hosting.ovh.net\/index.php\/tag\/maroc\/\" rel=\"tag\">Maroc<\/a><span class=\"wp-block-post-terms__separator\">, <\/span><a href=\"http:\/\/xnalgrt.cluster100.hosting.ovh.net\/index.php\/tag\/resolution-2797-2025\/\" rel=\"tag\">R\u00e9solution 2797 (2025)<\/a><span class=\"wp-block-post-terms__separator\">, <\/span><a href=\"http:\/\/xnalgrt.cluster100.hosting.ovh.net\/index.php\/tag\/sahara-occidental\/\" rel=\"tag\">Sahara Occidental<\/a><\/div><\/div>\n\n\n\n<div style=\"height:120px;\" aria-hidden=\"true\" class=\"wp-block-spacer\"><\/div>\n\n<\/li><li class=\"wp-block-post post-440865 post type-post status-publish format-standard has-post-thumbnail hentry category-dged category-marocleaks tag-dged tag-france-3 tag-josef-tual tag-maroc tag-maroc-hebdo tag-me-bosselut tag-miloud-tounzi tag-normand-associes tag-yassine-mansouri\">\n<h2 style=\"font-size:64px;line-height:1.2;\" class=\"wp-block-post-title\"><a href=\"http:\/\/xnalgrt.cluster100.hosting.ovh.net\/index.php\/2026\/01\/14\/dged-maroc-hebdo-joseph-tual-ben-barka\/\" target=\"_self\" >Les liaisons dangereuses : La DGED et Maroc Hebdo contre un journaliste fran\u00e7ais<\/a><\/h2>\n\n\n\n<div class=\"entry-content wp-block-post-content is-layout-flow wp-block-post-content-is-layout-flow\">\n<p class=\"has-cyan-bluish-gray-color has-text-color has-link-color wp-elements-559a98c7a47c22c4ac429dccfc05aaac\">Tags : Maroc, Josef Tual, France 3, DGED, Maroc Hebdo, Yassine Mansouri, Miloud Tounzi, Me Bosselut, Normand &amp; Associ\u00e9s, <\/p>\n\n\n\n<p><\/p>\n\n\n<div class=\"wp-block-image\">\n<figure class=\"aligncenter size-large\"><img decoding=\"async\" src=\"http:\/\/xnalgrt.cluster100.hosting.ovh.net\/wp-content\/uploads\/2026\/01\/image-32-1024x411.png\" alt=\"\" class=\"wp-image-440912\"\/><\/figure>\n<\/div>\n\n\n<p><\/p>\n\n\n\n<p><br><\/p>\n\n\n<div class=\"wp-block-image\">\n<figure class=\"aligncenter size-full is-resized\"><img decoding=\"async\" src=\"http:\/\/xnalgrt.cluster100.hosting.ovh.net\/wp-content\/uploads\/2026\/01\/image-34.png\" alt=\"\" class=\"wp-image-440914\" style=\"width:840px;height:auto\"\/><\/figure>\n<\/div>\n\n\n<p>Quarante-neuf ans apr\u00e8s l\u2019enl\u00e8vement du principal opposant au roi Hassan II\u00e0 Paris, en 1965, l\u2019affaire Ben Barka continue d\u2019occuper la justice fran\u00e7aise et les services de renseignement marocains. Mardi 16 d\u00e9cembre, le tribunal correctionnel de Paris examinait la plainte d\u00e9pos\u00e9e par un journaliste de France 3 \u00e0 l\u2019encontre du magazine Maroc Hebdo.<\/p>\n\n\n\n<p>L\u2019affaire remonte \u00e0 2007 : au lendemain d\u2019un reportage de France 3 \u00e0 propos d\u2019un nouveau rebondissement judiciaire dans l\u2019affaire Ben Barka, l\u2019auteur du reportage, Joseph Tual, a fait l\u2019objet de nombreuses attaques de la presse marocaine. Des tentatives de d\u00e9stabilisation de la part du Maroc ? Une th\u00e8se valid\u00e9e par la publication de nouveaux documents de la part de@chris_coleman24, \u00e0 l\u2019origine du Wikileaks marocain.<\/p>\n\n\n\n<p>Ce mardi 16 d\u00e9cembre, au tribunal correctionnel de Paris, il \u00e9tait question d\u2019une affaire qui remonte il y a 7 ans, en marge d\u2019une affaire qui date\u2026 de 1965. Cette ann\u00e9e-l\u00e0, Mehdi Ben Barka, principal opposant au roi du Maroc, Hassan II, est enlev\u00e9 en plein Paris. Par qui ? O\u00f9 se trouve son corps ? C\u2019est tout l\u2019enjeu de l\u2019enqu\u00eate judiciaire, toujours en cours en France.<\/p>\n\n\n<div class=\"wp-block-image\">\n<figure class=\"aligncenter size-large\"><img decoding=\"async\" src=\"http:\/\/xnalgrt.cluster100.hosting.ovh.net\/wp-content\/uploads\/2026\/01\/image-24-730x1024.png\" alt=\"\" class=\"wp-image-440902\"\/><\/figure>\n<\/div>\n\n\n<p>Les 22 et 23 octobre 2007, alors que Nicolas Sarkozy est en voyage officiel au Maroc, France 3 fait le point sur l\u2019enqu\u00eate Ben Barka. Et r\u00e9v\u00e8le que le juge d\u2019instruction fran\u00e7ais en charge du dossier, Patrick Rama\u00ebl, a d\u00e9livr\u00e9 des mandats d\u2019arr\u00eat \u00e0 l\u2019encontre de cinq dignitaires marocains, dont le g\u00e9n\u00e9ral Benslimane, chef de la gendarmerie royale et un certain Miloud Tounzi, identifi\u00e9 comme \u00e9tant le fameux Larbi Chtouki, le principal organisateur de l\u2019enl\u00e8vement de Ben Barka, condamn\u00e9 par contumace \u00e0 la r\u00e9clusion criminelle \u00e0 perp\u00e9tuit\u00e9 en 1966 lors d\u2019un proc\u00e8s \u00e0 Paris.<\/p>\n\n\n\n<p>Le journaliste de France 3, Joseph Tual, qui enqu\u00eate sur l\u2019affaire Ben Barka depuis plus de vingt ans, rappelle \u00e9galement dans les deux sujets l\u2019existence d\u2019une ancienne prison secr\u00e8te \u00e0 Rabat, baptis\u00e9e PF3. Ce serait l\u00e0 que Ben Barka pourrait \u00eatre enterr\u00e9, ainsi que pr\u00e8s de 250 opposants au r\u00e9gime, notamment des \u00e9tudiants de grandes familles marocaines. Selon nos informations, la justice fran\u00e7aise aurait m\u00eame demand\u00e9 une surveillance satellitaire afin de s\u2019assurer que le terrain vague d\u2019aujourd\u2019hui, propri\u00e9t\u00e9 de la gendarmerie royale marocaine, reste en l\u2019\u00e9tat, \u00e0 d\u00e9faut pour la justice fran\u00e7aise de pouvoir se rendre sur place pour faire des fouilles. Un sujet tr\u00e8s sensible. La preuve ? Pour avoir film\u00e9 ce centre de d\u00e9tention secret, Tual est d\u00e9sormais ind\u00e9sirable sur le sol marocain.<\/p>\n\n\n<div class=\"wp-block-image\">\n<figure class=\"aligncenter size-full\"><img decoding=\"async\" src=\"http:\/\/xnalgrt.cluster100.hosting.ovh.net\/wp-content\/uploads\/2026\/01\/image-27.png\" alt=\"\" class=\"wp-image-440905\"\/><figcaption class=\"wp-element-caption\">Article de Maroc hebdo sur Joseph Tual.<\/figcaption><\/figure>\n<\/div>\n\n\n<p>\u00ab La prison PF3, c\u2019est le tabou absolu, assure Tual, contact\u00e9 par Arr\u00eat Sur Image. Tous mes ennuis partent de l\u00e0 \u00bb. Des ennuis ? Au lendemain de la diffusion de ces deux reportages, le journaliste fait l\u2019objet de nombreuses attaques de la presse marocaine, comme l\u2019a rappel\u00e9 Le Point. Le quotidien Assabah le qualifie d\u2019\u00ab agent des services secrets alg\u00e9riens \u00bb. Tual le fera condamner pour diffamation. Maroc Hebdo International va plus loin et publie un article intitul\u00e9 \u00ab Profession fouille merde \u00bb, toujours en ligne, dans lequel on peut lire des retranscriptions d\u2019une conversation entre Tual et l\u2019un des cinq Marocains sous mandat d\u2019arr\u00eat, Miloud Tounzi.<\/p>\n\n\n\n<p>D\u2019apr\u00e8s les retranscriptions de cette conversation t\u00e9l\u00e9phonique qui s\u2019est tenue le 19 octobre 2007, Tual pr\u00e9vient Tounzi qu\u2019il va faire l\u2019objet d\u2019un mandat d\u2019arr\u00eat dans quelques jours et il lui sugg\u00e8re de quitter le territoire marocain car sa vie serait en danger. Un extrait de la conversation pour le moins g\u00eanant pour le journaliste de France 3 : cela sous-entend qu\u2019il est de m\u00e8che avec le juge d\u2019instruction.<\/p>\n\n\n\n<p>A la suite de la publication de cet article, Tual d\u00e9pose plusieurs plaintes. En 2008, le directeur de la publication de Maroc Hebdo, Mohamed Selhami, est condamn\u00e9 pour injure publique. En 2009, Tual porte \u00e9galement plainte pour \u00ab atteinte au secret des correspondances \u00bb et \u00ab atteinte \u00e0 l\u2019intimit\u00e9 de la vie priv\u00e9e \u00bb, la conversation n\u2019ayant pas vocation \u00eatre rendue publique. A l\u2019\u00e9poque, Tual assure \u00e0 l\u2019AFP que cette conversation a \u00e9t\u00e9 \u00ab tronqu\u00e9e \u00bb et que ses propos ont \u00e9t\u00e9 \u00ab d\u00e9natur\u00e9s afin de manipuler l\u2019opinion \u00bb. C\u2019est ce volet de l\u2019affaire qui vient d\u2019\u00eatre examin\u00e9 par le tribunal correctionnel de Paris.<\/p>\n\n\n\n<p>Une nouvelle \u00e9tape judiciaire qui s\u2019inscrit dans une longue liste de proc\u00e8s opposant Tual et Tounzi, lequel a lui aussi port\u00e9 plainte contre le journaliste notamment pour atteinte \u00e0 la pr\u00e9somption d\u2019innocence et injure publique. Jusqu\u2019\u00e0 pr\u00e9sent, Tual a toujours gagn\u00e9 tous ces proc\u00e8s.<\/p>\n\n\n\n<h2 class=\"wp-block-heading\">L\u2019avocat de Maroc Hebdo, pay\u00e9 par les renseignement marocains? <\/h2>\n\n\n\n<p>Ces proc\u00e8s auraient un objectif bien pr\u00e9cis : \u00ab Le but du jeu est de me d\u00e9stabiliser, de me mettre la pression \u00bb, nous assure Tual. Qui pr\u00e9cis\u00e9ment ? Des documents diffus\u00e9s dans le cadre du Wikileaks marocain, dont Arr\u00eat Sur Image a d\u00e9j\u00e0 parl\u00e9, apportent peut-\u00eatre un d\u00e9but de r\u00e9ponse. Celui qui se fait appeler Chris Coleman a publi\u00e9 des documents attestant que l\u2019avocat de Maroc Hebdo est pay\u00e9 par\u2026 les services de renseignement marocains, visiblement bien d\u00e9cid\u00e9s \u00e0 mener la vie dure au journaliste de France 3.<\/p>\n\n\n<div class=\"wp-block-image\">\n<figure class=\"aligncenter size-full\"><img decoding=\"async\" src=\"http:\/\/xnalgrt.cluster100.hosting.ovh.net\/wp-content\/uploads\/2026\/01\/image-30.png\" alt=\"\" class=\"wp-image-440910\"\/><figcaption class=\"wp-element-caption\"><em>Note de frais du cabinet Normand &amp; Associ\u00e9s sur la facture de Me Bosselut a\/s de Miloud Tounzi.<\/em><\/figcaption><\/figure>\n<\/div>\n\n\n<p>Parmi ces documents, figure notamment une note de frais d\u2019avocat en date du 27 d\u00e9cembre 2011, adress\u00e9e par le cabinet d\u2019avocats Normand &amp; Associ\u00e9s \u00e0 Yassine Mansouri, directeur de la DGED, les services secrets marocains. Ces frais d\u2019avocat s\u2019\u00e9l\u00e8vent \u00e0 3 900 euros et mentionnent une \u00ab facture de Me Bosselut \u00bb. Bosselut ? C\u2019est pr\u00e9cis\u00e9ment l\u2019avocat de Maroc Hebdo dans l\u2019affaire contre Tual, d\u00e9j\u00e0 en cours d\u2019instruction en 2011.<\/p>\n\n\n\n<p>Le document est-il authentique ? Apr\u00e8s v\u00e9rification des donn\u00e9es du fichier PDF, il semble que ce document n\u2019ait pas \u00e9t\u00e9 trafiqu\u00e9. En revanche, plusieurs interrogations demeurent : pourquoi le cabinet d\u2019avocat Normand &amp; Associ\u00e9s aurait-il \u00e9dit\u00e9 une telle facture alors qu\u2019aucun de ses avocats n\u2019a travaill\u00e9 pour Maroc Hebdo dans les multiples affaires judiciaires qui opposent Tual, Maroc Hebdo et Tounzi ? Pourquoi Me Bosselut appara\u00eet-il sur ses factures alors qu\u2019il ne travaille pas pour le compte de Normand &amp; Associ\u00e9s ? Le cabinet Normand &amp; Associ\u00e9s sert-t-il ici de paravent pour brouiller les pistes afin de masquer les liens entre Bosselut et les renseignements marocains ?<\/p>\n\n\n\n<figure class=\"wp-block-image size-large\"><img decoding=\"async\" src=\"http:\/\/xnalgrt.cluster100.hosting.ovh.net\/wp-content\/uploads\/2026\/01\/Tribunal-1-744x1024.jpg\" alt=\"\" class=\"wp-image-440907\"\/><\/figure>\n\n\n\n<figure class=\"wp-block-image size-large\"><img decoding=\"async\" src=\"http:\/\/xnalgrt.cluster100.hosting.ovh.net\/wp-content\/uploads\/2026\/01\/Tribunal-2-745x1024.jpg\" alt=\"\" class=\"wp-image-440906\"\/><\/figure>\n\n\n\n<p>D\u00e9tail suppl\u00e9mentaire : l\u2019avocat Ralph Boussier, dont la signature figure au bas de la note d\u2019honoraires de Normand &amp; Associ\u00e9s, est \u00ab l\u2019un des membres du collectif d\u2019avocats franco-marocains qui repr\u00e9sentent le royaume ch\u00e9rifien \u00bb, dixit RFI. C\u2019est lui qui est mont\u00e9 au cr\u00e9neau en d\u00e9but d\u2019ann\u00e9e, au nom du patron de la Direction g\u00e9n\u00e9rale de la surveillance du territoire marocain (DGST), Abdellatif Hammouchi.<\/p>\n\n\n\n<p>Accus\u00e9 de tortures notamment par un militant sahraoui qui a re\u00e7u le soutien d\u2019une ONG fran\u00e7aise, Hammouchi a mandat\u00e9 Boussier pour porter plainte pour d\u00e9nonciation calomnieuse en France. Voil\u00e0 pour la connexion Boussier-Maroc. De l\u00e0 \u00e0 consid\u00e9rer que le document Normand &amp; Associ\u00e9s est cr\u00e9dible et n\u2019est pas un faux\u2026<\/p>\n\n\n\n<p>Contact\u00e9 par Arr\u00eat Sur Image pour savoir si ce document \u00e9tait authentique, le cabinet Normand &amp; Associ\u00e9s a v\u00e9rifi\u00e9 le num\u00e9ro de dossier (20071097) figurant sur la note d\u2019honoraires. \u00ab A priori, \u00e7a ne vient pas de chez nous \u00bb, nous a-t-on dit au bout de quelques minutes. L\u2019avocat Ralph Boussier, dont la signature figure au bas de cette note d\u2019honoraires, n\u2019\u00e9tait pas disponible \u00e0 l\u2019heure o\u00f9 nous publions cet article. Tout comme Me Rodolphe Bosselut, l\u2019avocat de Maroc Hebdo.<\/p>\n\n\n\n<p>S\u00e9bastien Rochat<br>Source : Arr\u00eat sur images<\/p>\n\n\n\n<p><a href=\"https:\/\/www.arretsurimages.net\/articles\/ben-barka-un-journaliste-de-france-3-dans-le-viseur-du-renseignement-marocain\">Arr\u00eat Sur Image<\/a>, 18\/12\/2014<\/p>\n\n\n\n<p>#Maroc #Joseph_Tual #France3 #DGED #Maroc_Hebdo #Yassine_Mansouri #Miloud_Tounzi #Me_Bosselut #Normand_&amp;_Associ\u00e9s <\/p>\n<\/div>\n\n\n<div class=\"wp-block-group is-layout-flex wp-block-group-is-layout-flex\"><div style=\"font-size:16px;\" class=\"wp-block-post-date\"><time datetime=\"2026-01-14T18:46:16+00:00\"><a href=\"http:\/\/xnalgrt.cluster100.hosting.ovh.net\/index.php\/2026\/01\/14\/dged-maroc-hebdo-joseph-tual-ben-barka\/\">January 14, 2026<\/a><\/time><\/div>\n\n<div style=\"font-size:16px\" class=\"taxonomy-category wp-block-post-terms\"><a href=\"http:\/\/xnalgrt.cluster100.hosting.ovh.net\/index.php\/category\/dged\/\" rel=\"tag\">DGED<\/a><span class=\"wp-block-post-terms__separator\">, <\/span><a href=\"http:\/\/xnalgrt.cluster100.hosting.ovh.net\/index.php\/category\/marocleaks\/\" rel=\"tag\">Marocleaks<\/a><\/div>\n\n<div style=\"font-size:16px\" class=\"taxonomy-post_tag wp-block-post-terms\"><a href=\"http:\/\/xnalgrt.cluster100.hosting.ovh.net\/index.php\/tag\/dged\/\" rel=\"tag\">DGED<\/a><span class=\"wp-block-post-terms__separator\">, <\/span><a href=\"http:\/\/xnalgrt.cluster100.hosting.ovh.net\/index.php\/tag\/france-3\/\" rel=\"tag\">France 3<\/a><span class=\"wp-block-post-terms__separator\">, <\/span><a href=\"http:\/\/xnalgrt.cluster100.hosting.ovh.net\/index.php\/tag\/josef-tual\/\" rel=\"tag\">Josef Tual<\/a><span class=\"wp-block-post-terms__separator\">, <\/span><a href=\"http:\/\/xnalgrt.cluster100.hosting.ovh.net\/index.php\/tag\/maroc\/\" rel=\"tag\">Maroc<\/a><span class=\"wp-block-post-terms__separator\">, <\/span><a href=\"http:\/\/xnalgrt.cluster100.hosting.ovh.net\/index.php\/tag\/maroc-hebdo\/\" rel=\"tag\">Maroc Hebdo<\/a><span class=\"wp-block-post-terms__separator\">, <\/span><a href=\"http:\/\/xnalgrt.cluster100.hosting.ovh.net\/index.php\/tag\/me-bosselut\/\" rel=\"tag\">Me Bosselut<\/a><span class=\"wp-block-post-terms__separator\">, <\/span><a href=\"http:\/\/xnalgrt.cluster100.hosting.ovh.net\/index.php\/tag\/miloud-tounzi\/\" rel=\"tag\">Miloud Tounzi<\/a><span class=\"wp-block-post-terms__separator\">, <\/span><a href=\"http:\/\/xnalgrt.cluster100.hosting.ovh.net\/index.php\/tag\/normand-associes\/\" rel=\"tag\">Normand &amp; Associ\u00e9s<\/a><span class=\"wp-block-post-terms__separator\">, <\/span><a href=\"http:\/\/xnalgrt.cluster100.hosting.ovh.net\/index.php\/tag\/yassine-mansouri\/\" rel=\"tag\">Yassine Mansouri<\/a><\/div><\/div>\n\n\n\n<div style=\"height:120px;\" aria-hidden=\"true\" class=\"wp-block-spacer\"><\/div>\n\n<\/li><li class=\"wp-block-post post-440889 post type-post status-publish format-standard has-post-thumbnail hentry category-famille-royale tag-2919 tag-2920 tag-2921 tag-145 tag-154\">\n<h2 style=\"font-size:64px;line-height:1.2;\" class=\"wp-block-post-title\"><a href=\"http:\/\/xnalgrt.cluster100.hosting.ovh.net\/index.php\/2026\/01\/14\/%d8%a7%d9%84%d9%85%d8%ba%d8%b1%d8%a8-%d8%ac%d8%a8%d8%b1%d9%88%d8%aa-%d8%aa%d9%81%d8%b6%d8%ad-%d8%a8%d8%b0%d8%ae-%d8%a7%d9%84%d8%b9%d8%a7%d8%a6%d9%84%d8%a9-%d8%a7%d9%84%d9%85%d8%a7%d9%84%d9%83%d8%a9\/\" target=\"_self\" >\u0627\u0644\u0645\u063a\u0631\u0628 : \u062c\u0628\u0631\u0648\u062a \u062a\u0641\u0636\u062d \u0628\u0630\u062e \u0627\u0644\u0639\u0627\u0626\u0644\u0629 \u0627\u0644\u0645\u0627\u0644\u0643\u0629\u00a0<\/a><\/h2>\n\n\n\n<div class=\"entry-content wp-block-post-content is-layout-flow wp-block-post-content-is-layout-flow\">\n<p class=\"has-text-align-right\">Tags :\u0627\u0644\u0645\u063a\u0631\u0628\u00a0 \u0627\u0644\u0639\u0627\u0626\u0644\u0629 \u0627\u0644\u0645\u0627\u0644\u0643\u0629 \u0645\u062d\u0645\u062f \u0627\u0644\u0633\u0627\u062f\u0633\u00a0 \u0627\u0644\u062a\u0628\u0630\u064a\u0631\u00a0 \u0627\u0644\u0628\u0630\u062e \u0627\u0644\u062a\u0631\u0641\u00a0 \u00a0<\/p>\n\n\n\n<p class=\"has-text-align-right has-white-color has-text-color has-link-color wp-elements-002a059ed53735bd7ca06a893b41bafe\">Tags : \u0627\u0644\u0645\u063a\u0631\u0628&nbsp; \u0627\u0644\u0639\u0627\u0626\u0644\u0629 \u0627\u0644\u0645\u0627\u0644\u0643\u0629 \u0645\u062d\u0645\u062f \u0627\u0644\u0633\u0627\u062f\u0633&nbsp; \u0627\u0644\u0628\u0630\u062e \u0627\u0644\u062a\u0628\u0630\u064a\u0631&nbsp;&nbsp;<\/p>\n\n\n<div class=\"wp-block-image\">\n<figure class=\"aligncenter size-large is-resized\"><img decoding=\"async\" src=\"http:\/\/xnalgrt.cluster100.hosting.ovh.net\/wp-content\/uploads\/2026\/01\/image-20-839x1024.png\" alt=\"\" class=\"wp-image-440891\" style=\"aspect-ratio:0.8193425699538169;width:665px;height:auto\"\/><\/figure>\n<\/div>\n\n\n<p class=\"has-text-align-right\">\u0625\u0646 \u0627\u0644\u0623\u0632\u0645\u0629 \u0627\u0644\u0627\u0642\u062a\u0635\u0627\u062f\u064a\u0629 \u0644\u0627 \u062a\u0645\u0646\u0639 \u0623\u0641\u0631\u0627\u062f \u0627\u0644\u0639\u0627\u0626\u0644\u0629 \u0627\u0644\u0645\u0644\u0643\u064a\u0629 \u0645\u0646 \u0627\u0644\u0642\u064a\u0627\u0645 \u0628\u0646\u0641\u0642\u0627\u062a \u0628\u0627\u0630\u062e\u0629. \u0641\u0641\u064a \u0633\u0646\u0629 2012 \u060c \u0623\u0645\u0631\u062a \u0634\u0642\u064a\u0642\u0629 \u0645\u062d\u0645\u062f \u0627\u0644\u0633\u0627\u062f\u0633\u060c \u0627\u0644\u0623\u0645\u064a\u0631\u0629 \u0644\u0644\u0627 \u0645\u0631\u064a\u0645\u060c \u0633\u0641\u064a\u0631 \u0627\u0644\u0645\u063a\u0631\u0628 \u0644\u062f\u0649 \u0627\u0644\u0623\u0645\u0645 \u0627\u0644\u0645\u062a\u062d\u062f\u0629 \u0628\u062c\u0646\u064a\u0641\u060c \u0639\u0645\u0631 \u0647\u0644\u0627\u0644\u060c \u0628\u0623\u0646 \u064a\u0634\u062a\u0631\u064a \u0644\u0647\u0627 &#8220;40 \u0642\u0627\u0631\u0648\u0631\u0629&#8221; \u0645\u0646 \u0645\u0633\u062a\u062d\u0636\u0631 \u0627\u0633\u062a\u062d\u0645\u0627\u0645 \u062e\u0627\u0635 \u0645\u0646 \u0639\u0644\u0627\u0645\u0629 &#8220;\u0647\u0646\u0631\u064a \u0634\u064a\u0646\u0648*&#8221;. \u0643\u0645\u0627 \u0623\u0646 \u0627\u0644\u0645\u062e\u0632\u0646 \u0644\u0627 \u064a\u0628\u0627\u0644\u064a \u0628\u062d\u062c\u0645 \u0627\u0644\u0625\u0646\u0641\u0627\u0642 \u0639\u0646\u062f\u0645\u0627 \u064a\u062a\u0639\u0644\u0642 \u0627\u0644\u0623\u0645\u0631 \u0628\u062f\u0641\u0639 \u0645\u0626\u0627\u062a \u0627\u0644\u0622\u0644\u0627\u0641 \u0645\u0646 \u0627\u0644\u064a\u0648\u0631\u0648 \u0644\u062a\u0623\u0645\u064a\u0646 \u0639\u0637\u0644\u0627\u062a \u0623\u062d\u0644\u0627\u0645 \u0641\u064a \u0645\u0631\u0627\u0643\u0634 \u0644\u0634\u062e\u0635\u064a\u0627\u062a \u0633\u064a\u0627\u0633\u064a\u0629 \u0648\u0625\u0639\u0644\u0627\u0645\u064a\u0629 \u063a\u0631\u0628\u064a\u0629\u060c \u0648\u0643\u0644 \u0630\u0644\u0643 \u0641\u0642\u0637 \u0644\u0634\u0631\u0627\u0621 \u0635\u0645\u062a\u0647\u0645 \u0623\u0648 \u062a\u0648\u0627\u0637\u0624\u0647\u0645 \u0641\u064a\u0645\u0627 \u064a\u062a\u0639\u0644\u0642 \u0628\u0627\u0633\u062a\u0639\u0645\u0627\u0631 \u0627\u0644\u0635\u062d\u0631\u0627\u0621 \u0627\u0644\u063a\u0631\u0628\u064a\u0629.<\/p>\n\n\n<div class=\"wp-block-image\">\n<figure class=\"aligncenter size-full\"><img decoding=\"async\" src=\"http:\/\/xnalgrt.cluster100.hosting.ovh.net\/wp-content\/uploads\/2026\/01\/image-21.png\" alt=\"\" class=\"wp-image-440894\"\/><\/figure>\n<\/div>\n\n\n<p class=\"has-text-align-right\">\u0628\u0646\u0627\u0621\u0627\u064b \u0639\u0644\u0649 \u062a\u0642\u0627\u0631\u064a\u0631 \u062a\u0642\u0648\u0644 \u062c\u0628\u0631\u0648\u062a \u0623\u0646\u0647\u0627 \u062d\u0635\u0644\u062a \u0639\u0644\u064a\u0647\u0627 \u0645\u0646 \u062f\u0627\u062e\u0644 \u0627\u0644\u0642\u0635\u0631 \u0627\u0644\u0645\u0644\u0643\u064a \u0641\u0636\u062d\u062a \u0628\u0630\u062e \u0627\u0644\u0645\u0642\u062a\u0646\u064a\u0627\u062a \u0627\u0644\u0645\u0644\u0643\u064a\u0629 \u0648\u0637\u0631\u062d\u062a \u062a\u0633\u0627\u0624\u0644\u0627\u062a \u0639\u0645\u064a\u0642\u0629 \u062d\u0648\u0644 \u0627\u0644\u062a\u0641\u0627\u0648\u062a \u0627\u0644\u0637\u0628\u0642\u064a\u060c \u062d\u064a\u062b \u0642\u0627\u0645\u062a \u0627\u0644\u0623\u0645\u064a\u0631\u0629 \u0627\u0644\u0645\u063a\u0631\u0628\u064a\u0629 \u062e\u062f\u064a\u062c\u0629 \u0628\u0627\u0642\u062a\u0646\u0627\u0621 \u0632\u0648\u062c \u0645\u0646 \u0627\u0644\u0623\u0642\u0631\u0627\u0637 \u0645\u0646 \u0645\u062a\u062c\u0631 \u0628\u064a\u0631\u0643\u0648\u0633 \u0628\u0627\u0628\u064a* \u0627\u0644\u0625\u064a\u0637\u0627\u0644\u064a \u0627\u0644\u0634\u0647\u064a\u0631 \u0628\u0633\u0639\u0631 \u062e\u064a\u0627\u0644\u064a \u064a\u0635\u0644 \u0625\u0644\u0649 75,000 \u064a\u0648\u0631\u0648\u060c \u0636\u0645\u0646 \u0628\u0627\u0642\u0629 \u0645\u062c\u0648\u0647\u0631\u0627\u062a \u062a\u0645\u064a\u0646\u0629 \u062a\u0632\u0646 \u0642\u0631\u0627\u0628\u0629 5 \u0643\u064a\u0644\u0648\u063a\u0631\u0627\u0645\u0627\u062a \u0648\u062a\u062a\u062c\u0627\u0648\u0632 \u0642\u064a\u0645\u062a\u0647\u0627 8 \u0645\u0644\u064a\u0648\u0646 \u064a\u0648\u0631\u0648.<\/p>\n\n\n\n<p class=\"has-text-align-right\">\u0647\u0630\u0627 \u0627\u0644\u062a\u0631\u0641 \u0627\u0644\u0628\u0627\u0630\u062e \u064a\u0623\u062a\u064a \u0641\u064a \u0648\u0642\u062a \u064a\u0648\u0627\u062c\u0647 \u0641\u064a\u0647 \u0642\u0637\u0627\u0639 \u0639\u0631\u064a\u0636 \u0645\u0646 \u0627\u0644\u0634\u0639\u0628 \u0627\u0644\u0645\u063a\u0631\u0628\u064a \u062a\u062d\u062f\u064a\u0627\u062a \u0627\u0642\u062a\u0635\u0627\u062f\u064a\u0629 \u0642\u0627\u0633\u064a\u0629\u060c \u062d\u064a\u062b \u062a\u0635\u0627\u0631\u0639 \u0627\u0644\u0623\u0633\u0631 \u0644\u0645\u0648\u0627\u062c\u0647\u0629 \u063a\u0644\u0627\u0621 \u0627\u0644\u0645\u0639\u064a\u0634\u0629 \u0648\u0627\u0631\u062a\u0641\u0627\u0639 \u0623\u0633\u0639\u0627\u0631 \u0627\u0644\u0645\u0648\u0627\u062f \u0627\u0644\u0623\u0633\u0627\u0633\u064a\u0629\u060c \u0645\u0645\u0627 \u064a\u062e\u0644\u0642 \u0645\u0641\u0627\u0631\u0642\u0629 \u0635\u0627\u0631\u062e\u0629 \u0628\u064a\u0646 \u0628\u0631\u064a\u0642 \u0627\u0644\u062c\u0648\u0627\u0647\u0631 \u0627\u0644\u0643\u0631\u064a\u0645\u0629 \u0648\u0645\u0639\u0627\u0646\u0627\u0629 \u0627\u0644\u0645\u0648\u0627\u0637\u0646 \u0627\u0644\u0628\u0633\u064a\u0637 \u0641\u064a \u062a\u0623\u0645\u064a\u0646 \u0644\u0642\u0645\u0629 \u0627\u0644\u0639\u064a\u0634\u060c \u0648\u064a\u0636\u0639 \u0627\u0644\u0625\u0646\u0641\u0627\u0642 \u0627\u0644\u0631\u0633\u0645\u064a \u062a\u062d\u062a \u0645\u062c\u0647\u0631 \u0627\u0644\u0646\u0642\u062f \u0627\u0644\u0634\u0639\u0628\u064a \u0627\u0644\u0630\u064a \u064a\u0637\u0627\u0644\u0628 \u0628\u062a\u0631\u0643\u064a\u0632 \u0627\u0644\u062b\u0631\u0648\u0627\u062a \u0639\u0644\u0649 \u0627\u0644\u062a\u0646\u0645\u064a\u0629 \u0648\u0627\u0644\u0639\u062f\u0627\u0644\u0629 \u0627\u0644\u0627\u062c\u062a\u0645\u0627\u0639\u064a\u0629.<\/p>\n\n\n\n<p>*Henri Chenot&nbsp;<\/p>\n\n\n\n<p>*Percossi Papi<\/p>\n\n\n\n<p>\u0627\u0644\u0645\u063a\u0631\u0628&nbsp; #\u0627\u0644\u0639\u0627\u0626\u0644\u0629_\u0627\u0644\u0645\u0627\u0644\u0643\u0629 #\u0645\u062d\u0645\u062f_\u0627\u0644\u0633\u0627\u062f\u0633&nbsp; #\u0627\u0644\u0628\u0630\u062e_\u0627\u0644\u062a\u0628\u0630\u064a\u0631#&nbsp;&nbsp;<\/p>\n\n\n\n<p><\/p>\n<\/div>\n\n\n<div class=\"wp-block-group is-layout-flex wp-block-group-is-layout-flex\"><div style=\"font-size:16px;\" class=\"wp-block-post-date\"><time datetime=\"2026-01-14T13:23:27+00:00\"><a href=\"http:\/\/xnalgrt.cluster100.hosting.ovh.net\/index.php\/2026\/01\/14\/%d8%a7%d9%84%d9%85%d8%ba%d8%b1%d8%a8-%d8%ac%d8%a8%d8%b1%d9%88%d8%aa-%d8%aa%d9%81%d8%b6%d8%ad-%d8%a8%d8%b0%d8%ae-%d8%a7%d9%84%d8%b9%d8%a7%d8%a6%d9%84%d8%a9-%d8%a7%d9%84%d9%85%d8%a7%d9%84%d9%83%d8%a9\/\">January 14, 2026<\/a><\/time><\/div>\n\n<div style=\"font-size:16px\" class=\"taxonomy-category wp-block-post-terms\"><a href=\"http:\/\/xnalgrt.cluster100.hosting.ovh.net\/index.php\/category\/famille-royale\/\" rel=\"tag\">Famille royale<\/a><\/div>\n\n<div style=\"font-size:16px\" class=\"taxonomy-post_tag wp-block-post-terms\"><a href=\"http:\/\/xnalgrt.cluster100.hosting.ovh.net\/index.php\/tag\/%d8%a7%d9%84%d8%a8%d8%b0%d8%ae\/\" rel=\"tag\">\u0627\u0644\u0628\u0630\u062e<\/a><span class=\"wp-block-post-terms__separator\">, <\/span><a href=\"http:\/\/xnalgrt.cluster100.hosting.ovh.net\/index.php\/tag\/%d8%a7%d9%84%d8%aa%d8%a8%d8%b0%d9%8a%d8%b1\/\" rel=\"tag\">\u0627\u0644\u062a\u0628\u0630\u064a\u0631<\/a><span class=\"wp-block-post-terms__separator\">, <\/span><a href=\"http:\/\/xnalgrt.cluster100.hosting.ovh.net\/index.php\/tag\/%d8%a7%d9%84%d8%b9%d8%a7%d8%a6%d9%84%d8%a9-%d8%a7%d9%84%d9%85%d8%a7%d9%84%d9%83%d8%a9\/\" rel=\"tag\">\u0627\u0644\u0639\u0627\u0626\u0644\u0629 \u0627\u0644\u0645\u0627\u0644\u0643\u0629<\/a><span class=\"wp-block-post-terms__separator\">, <\/span><a href=\"http:\/\/xnalgrt.cluster100.hosting.ovh.net\/index.php\/tag\/%d8%a7%d9%84%d9%85%d8%ba%d8%b1%d8%a8\/\" rel=\"tag\">\u0627\u0644\u0645\u063a\u0631\u0628<\/a><span class=\"wp-block-post-terms__separator\">, <\/span><a href=\"http:\/\/xnalgrt.cluster100.hosting.ovh.net\/index.php\/tag\/%d9%85%d8%ad%d9%85%d8%af-%d8%a7%d9%84%d8%b3%d8%a7%d8%af%d8%b3\/\" rel=\"tag\">\u0645\u062d\u0645\u062f \u0627\u0644\u0633\u0627\u062f\u0633<\/a><\/div><\/div>\n\n\n\n<div style=\"height:120px;\" aria-hidden=\"true\" class=\"wp-block-spacer\"><\/div>\n\n<\/li><li class=\"wp-block-post post-440885 post type-post status-publish format-standard has-post-thumbnail hentry category-politique tag-absence tag-can-2025 tag-coupe-dafrique-des-nations tag-le-monde tag-maladie tag-maroc tag-mohammed-vi\">\n<h2 style=\"font-size:64px;line-height:1.2;\" class=\"wp-block-post-title\"><a href=\"http:\/\/xnalgrt.cluster100.hosting.ovh.net\/index.php\/2026\/01\/14\/le-monde-absence-maladie-mohammed-vi-can-2025-coupe-afrique\/\" target=\"_self\" >Le Monde : L\u2019absence remarqu\u00e9e de Mohammed VI ravive les interrogations sur sa sant\u00e9<\/a><\/h2>\n\n\n\n<div class=\"entry-content wp-block-post-content is-layout-flow wp-block-post-content-is-layout-flow\">\n<p class=\"has-cyan-bluish-gray-color has-text-color has-link-color wp-elements-f8e85d2b6eca51fdcd0531e9037b9fa3\">Tags : Le Monde, Maroc, absence, maladie, Mohammed VI, CAN 2025, Coupe d&#8217;Afrique des Nations, <\/p>\n\n\n\n<p>Absent de toute apparition publique depuis l\u2019ouverture de la Coupe d\u2019Afrique des nations, organis\u00e9e au Maroc depuis le 21 d\u00e9cembre, le roi Mohammed VI a laiss\u00e9 la sc\u00e8ne au prince h\u00e9ritier Moulay Al-Hassan, pr\u00e9sent lors des temps forts du tournoi. Une situation inhabituelle, selon <a href=\"https:\/\/www.lemonde.fr\/afrique\/article\/2026\/01\/13\/maroc-le-roi-mohammed-vi-sa-lombosciatalgie-mecanique-et-son-absence-a-la-coupe-d-afrique-des-nations_6661791_3212.html#:~:text=Durant%20la%20visite%20d'Etat,%C2%BB%2C%20selon%20des%20journaux%20locaux.\">Le Monde<\/a> alors que la CAN constitue un enjeu majeur de prestige et de soft power pour le royaume, \u00e0 l\u2019approche du Mondial 2030.<\/p>\n\n\n\n<p>Face aux sp\u00e9culations, un communiqu\u00e9 de son m\u00e9decin personnel a \u00e9voqu\u00e9 des douleurs lombaires sans gravit\u00e9 n\u00e9cessitant repos et traitement. Si cette explication m\u00e9dicale a temporairement clos les rumeurs, la sant\u00e9 du souverain, \u00e2g\u00e9 de 62 ans et d\u00e9j\u00e0 fragilis\u00e9e par plusieurs interventions chirurgicales, continue d\u2019alimenter les interrogations. <\/p>\n\n\n\n<p>Pour les observateurs, cette s\u00e9quence s\u2019inscrit dans une communication soigneusement ma\u00eetris\u00e9e, mettant en avant le prince h\u00e9ritier dans un r\u00f4le symbolique, sans pour autant pr\u00e9parer une transition politique imminente.<\/p>\n\n\n\n<p>#Le_Monde #Maroc #absence #maladie #Mohammed_VI #CAN_2025 #Coupe_d_Afrique_des_Nations <\/p>\n<\/div>\n\n\n<div class=\"wp-block-group is-layout-flex wp-block-group-is-layout-flex\"><div style=\"font-size:16px;\" class=\"wp-block-post-date\"><time datetime=\"2026-01-14T12:16:17+00:00\"><a href=\"http:\/\/xnalgrt.cluster100.hosting.ovh.net\/index.php\/2026\/01\/14\/le-monde-absence-maladie-mohammed-vi-can-2025-coupe-afrique\/\">January 14, 2026<\/a><\/time><\/div>\n\n<div style=\"font-size:16px\" class=\"taxonomy-category wp-block-post-terms\"><a href=\"http:\/\/xnalgrt.cluster100.hosting.ovh.net\/index.php\/category\/politique\/\" rel=\"tag\">Politique<\/a><\/div>\n\n<div style=\"font-size:16px\" class=\"taxonomy-post_tag wp-block-post-terms\"><a href=\"http:\/\/xnalgrt.cluster100.hosting.ovh.net\/index.php\/tag\/absence\/\" rel=\"tag\">absence<\/a><span class=\"wp-block-post-terms__separator\">, <\/span><a href=\"http:\/\/xnalgrt.cluster100.hosting.ovh.net\/index.php\/tag\/can-2025\/\" rel=\"tag\">CAN 2025<\/a><span class=\"wp-block-post-terms__separator\">, <\/span><a href=\"http:\/\/xnalgrt.cluster100.hosting.ovh.net\/index.php\/tag\/coupe-dafrique-des-nations\/\" rel=\"tag\">Coupe d&#8217;Afrique des Nations<\/a><span class=\"wp-block-post-terms__separator\">, <\/span><a href=\"http:\/\/xnalgrt.cluster100.hosting.ovh.net\/index.php\/tag\/le-monde\/\" rel=\"tag\">Le Monde<\/a><span class=\"wp-block-post-terms__separator\">, <\/span><a href=\"http:\/\/xnalgrt.cluster100.hosting.ovh.net\/index.php\/tag\/maladie\/\" rel=\"tag\">maladie<\/a><span class=\"wp-block-post-terms__separator\">, <\/span><a href=\"http:\/\/xnalgrt.cluster100.hosting.ovh.net\/index.php\/tag\/maroc\/\" rel=\"tag\">Maroc<\/a><span class=\"wp-block-post-terms__separator\">, <\/span><a href=\"http:\/\/xnalgrt.cluster100.hosting.ovh.net\/index.php\/tag\/mohammed-vi\/\" rel=\"tag\">Mohammed VI<\/a><\/div><\/div>\n\n\n\n<div style=\"height:120px;\" aria-hidden=\"true\" class=\"wp-block-spacer\"><\/div>\n\n<\/li><li class=\"wp-block-post post-440867 post type-post status-publish format-standard has-post-thumbnail hentry category-maroc-france category-marocleaks tag-hacker-chris-coleman tag-laurent-fabius tag-maroc tag-marocleaks tag-mezouar tag-salaheddine\">\n<h2 style=\"font-size:64px;line-height:1.2;\" class=\"wp-block-post-title\"><a href=\"http:\/\/xnalgrt.cluster100.hosting.ovh.net\/index.php\/2026\/01\/14\/maroc-leaks-pour-le-titre-de-sejour-de-sa-fille-mezouar-demande-laide-de-son-homologue-francais\/\" target=\"_self\" >Maroc Leaks : Pour le titre de s\u00e9jour de sa fille, Mezouar demande l&#8217;aide de son homologue fran\u00e7ais<\/a><\/h2>\n\n\n\n<div class=\"entry-content wp-block-post-content is-layout-flow wp-block-post-content-is-layout-flow\">\n<p class=\"has-cyan-bluish-gray-color has-text-color has-link-color wp-elements-436ca48895f3ddf5b5a7a50ea7b8c81b\">Tags : Maroc, Marocleaks, hacker Chris Coleman, Salaheddine, Mezouar, Laurent Fabius,<\/p>\n\n\n\n<p><strong>Le coup de main de Fabius \u00e0 son homologue marocain Mezouar pour sa fifille qui gal\u00e8re&#8230;<\/strong><\/p>\n\n\n\n<p>23 d\u00e9cembre 2014<\/p>\n\n\n\n<p>Le 28 mars 2014, apprend-on, en googlisant les ministres fran\u00e7ais et marocains des Affaires \u00e9trang\u00e8res en qu\u00eate d&#8217;une photo officielle qui les r\u00e9unirait, Laurent Fabius a pr\u00e9sent\u00e9 ses excuses \u00e0 son homologue, Salaheddine Mezouar, victime d&#8217;un p\u00e9nible contr\u00f4le d&#8217;a\u00e9roport \u00e0 Roissy malgr\u00e9 son rang et son passeport. L&#8217;anecdote, pour significative qu&#8217;elle p\u00fbt \u00eatre des pr\u00e9jug\u00e9s r\u00e9gnant dans le personnel au sol des a\u00e9roports fran\u00e7ais, ne sert ici qu&#8217;\u00e0 introduire un document mis en ligne par une &#8220;source&#8221;, via twitter.<\/p>\n\n\n\n<p>La source en question, qui se fait appeler &#8220;Chris Coleman&#8221;, a l\u00e2ch\u00e9 d\u00e9j\u00e0 de nombreux documents. Impliquant des journalistes fran\u00e7ais, accus\u00e9s en somme de se faire payer des articles complaisants pour le royaume ch\u00e9rifien, publi\u00e9s en marge de leurs activit\u00e9s et employeurs officiels par des sites et parutions sans lecteurs, contreparties de sujets, eux aussi favorables au royaume, produits via leurs employeurs et leurs supports, qui eux ont de l&#8217;audience. Traduction : contre un reportage bienveillant &#8211; en particulier \u00e0 propos de la douloureuse question Sarahouie &#8211; sur une grande cha\u00eene ou dans un grand journal, les journalistes re\u00e7oivent commande d&#8217;un article &#8220;touristique&#8221;, que personne ne lira, perdu sur le web ou dans quelques revue pour salle d&#8217;attente institutionnelle \u00e0 \u00e9gayer, mais qui leur sera pay\u00e9 en dehors de tous les bar\u00e8mes connus.<\/p>\n\n\n\n<p>\u00c0 la marge, si on peut dire, certains de ces documents \u00e9tablissent des liens entre barbouzes et dignitaires marocains et des diplomates am\u00e9ricains, des lobbystes pro-isra\u00e9liens&#8230; de quoi nourrir les d\u00e9bats virtuels.<\/p>\n\n\n\n<p>Coleman voudrait donner \u00e0 penser qu&#8217;il agit sur ordre des services alg\u00e9riens, en vue de d\u00e9stabiliser et affaiblir le Maroc, l&#8217;Alg\u00e9rie \u00e9tant suppos\u00e9e soutenir le Front Polisario adversaire des Marocains, qu&#8217;il ne s&#8217;y prendrait pas autrement. Ainsi joue-t-il, m\u00ealant documents authentiques et d&#8217;autres aux origines douteuses. Les v\u00e9rifications se r\u00e9v\u00e9lant de fait parfois impossibles, tant les &#8220;m\u00e9ta-donn\u00e9es&#8221; peuvent subir de &#8220;corrections&#8221;. Un document word ou un email seraient, par exemple, particuli\u00e8rement ais\u00e9s \u00e0 anti-dater.<\/p>\n\n\n\n<p>Mis en circulation sur les r\u00e9seaux sociaux, ces documents n&#8217;ont pas manqu\u00e9 de susciter moult int\u00e9r\u00eats, relais, contestations. Les journalistes sont tout pr\u00eats \u00e0 s&#8217;\u00e9mouvoir de ce type de pratiques, mais, s&#8217;agissant de d\u00e9noncer des confr\u00e8res, ils sont \u00e9tonnamment friands de preuves, de recoupements et d&#8217;authentifications&#8230;<\/p>\n\n\n\n<p>La Toile et ses r\u00e9seaux dits sociaux fourmillent de tweets et de partages au sujet des r\u00e9v\u00e9lations de Coleman. On se r\u00e9pond, se met en cause, d\u00e9niche des &#8220;preuves&#8221;. Citoyens, trolls, militants, journalistes. Aussi Mediapart a-t-il fini par se pencher sur le sujet (ICI, pour les abonn\u00e9s). S\u00e9parant les bonnes graines d&#8217;infos v\u00e9rifi\u00e9es de l&#8217;ivraie des rumeurs s\u00e9duisantes. Ou \u00e0 peu pr\u00e8s.<\/p>\n\n\n\n<p>Car si ce site permet \u00e0 quelques journalistes d&#8217;effectivement pouvoir mener \u00e0 terme et diffuser \u00e0 grande \u00e9chelle certaines \u00e9pineuses enqu\u00eates, il lui arrive aussi de servir \u00e0 noyer &#8211; pour le tuer &#8211; un poisson empoisonnant. On songe ici au r\u00e9cent, \u00e9tonnant, vaseux et sous \u00e9tay\u00e9 article consacr\u00e9 \u00e0 la possibilit\u00e9 que Pierre P\u00e9an ait pu essayer de faire acheter son silence par le pouvoir gabonais. Article qui, d&#8217;exp\u00e9rience fran\u00e7africaine, ne pouvait servir qu&#8217;\u00e0 enfumer, proposer des pistes bidons, conjecturer inutilement des impossibilit\u00e9s fondamentales : de quoi discr\u00e9diter possiblement P\u00e9an et donc amoindrir, folkloriser, relativiser, compliquer et donc perdre son propos et son livre sur l&#8217;Ali fils d&#8217;Omar qui dirige l&#8217;\u00e9mirat bongolien.<\/p>\n\n\n\n<p>Cette fois, Mediapart semble de bonne foi.<\/p>\n\n\n\n<p>\u00c0 ceci pr\u00e8s : pourquoi une information aussi importante que celle qui suit est-elle &#8220;perdue&#8221; dans la (fid\u00e8le) recension d&#8217;une affaire Coleman aux dimensions premi\u00e8res journalistiques ?<\/p>\n\n\n\n<p>Question autrement formul\u00e9e : pourquoi une telle information ne fait-elle pas l&#8217;objet d&#8217;un article en soi ? Voici comment Mediapart pr\u00e9sente un des documents :<\/p>\n\n\n\n<p>&#8220;Dans le cas des documents mis en ligne par Chris Coleman, certains sont incontestablement authentiques, et tendent \u00e0 prouver qu\u2019il y a bien eu piratage, du fait qu\u2019ils portent sur des faits connus, comme les photos du mariage d\u2019une ministre ou celle du passeport du ministre des affaires \u00e9trang\u00e8res Mezouar.<\/p>\n\n\n<div class=\"wp-block-image\">\n<figure class=\"aligncenter size-full is-resized\"><img decoding=\"async\" src=\"http:\/\/xnalgrt.cluster100.hosting.ovh.net\/wp-content\/uploads\/2026\/01\/lettre-fabius-fille-mezouar.jpg\" alt=\"\" class=\"wp-image-440883\" style=\"width:664px;height:auto\"\/><\/figure>\n<\/div>\n\n\n<p>D\u2019autres documents officiels sont coh\u00e9rents au niveau des m\u00e9tadonn\u00e9es et semblent, dans leur pr\u00e9sentation, authentiques. Ainsi, Chris Coleman a diffus\u00e9 deux lettres envoy\u00e9es par Laurent Fabius \u00e0 son homologue marocain. Dans l\u2019une, dat\u00e9e du 20 novembre 2013, il explique \u00eatre intervenu \u00e0 sa demande aupr\u00e8s de l\u2019administration du travail, pour faciliter l\u2019obtention par sa fille d\u2019une autorisation de travail en France.&#8221;<\/p>\n\n\n\n<p>Personne ne doute que la pratique, le coup de main, l&#8217;acc\u00e9l\u00e9rateur de formalit\u00e9s, soit r\u00e9pandue bien au-del\u00e0 de la Fran\u00e7afrique. Et Fabius et son coll\u00e8gue marocain ne sont ici que les dindons d\u00e9voil\u00e9s d&#8217;une farce g\u00e9n\u00e9ralis\u00e9e. Ce qui surprend, c&#8217;est que les tombeurs de Cahuzac banalisent en l&#8217;enfouissant dans une \u00e0 peine compr\u00e9hensible affaire un de ces documents gr\u00e2ce auxquels habituellement ils font le buzz.<\/p>\n\n\n\n<p>Relativement au m\u00eame ministre fran\u00e7ais &#8211; dont la rumeur web pr\u00e9tend qu&#8217;il serait malade -, nous nous permettrons de proposer \u00e0 Mediapart une autre affaire, un autre &#8220;fait&#8221; int\u00e9ressant.<\/p>\n\n\n\n<p>\u00c0 ce qui se raconte, en 2013, la m\u00eame ann\u00e9e donc, la CPI aurait \u00e9t\u00e9 sur le point, faute d&#8217;\u00e9l\u00e9ments dans le dossier, de lib\u00e9rer le dernier pr\u00e9sident ivoirien \u00e9lu, Laurent Gbagbo. L&#8217;apprenant &#8211; n&#8217;oublions pas que l&#8217;avocat de Ouattara est un proche de Hollande (et de Mediapart) -, Laurent Fabius, en tout point solidaire des pr\u00e9c\u00e9dents gouvernements fran\u00e7ais (et proche de Mme Ouattara), se serait d\u00e9p\u00each\u00e9 de profiter d&#8217;un d\u00e9placement aux Pays Bas pour passer \u00e0 La Haye et faire en sorte que la CPI finalement garde Gbagbo dans ses ge\u00f4les.<\/p>\n\n\n\n<p>Texte \/ Louis Fall (feat G.P.)<\/p>\n\n\n\n<p><a href=\"https:\/\/www.arso.org\/Coleman\/sahara-info-2014.htm\">ARSO<\/a>, 18\/12\/2014<\/p>\n\n\n\n<p>#Maroc #Marocleaks #hacker_Chris_Coleman #Salaheddine_Mezouar #Laurent_Fabius<\/p>\n\n\n\n<p><\/p>\n<\/div>\n\n\n<div class=\"wp-block-group is-layout-flex wp-block-group-is-layout-flex\"><div style=\"font-size:16px;\" class=\"wp-block-post-date\"><time datetime=\"2026-01-14T11:55:40+00:00\"><a href=\"http:\/\/xnalgrt.cluster100.hosting.ovh.net\/index.php\/2026\/01\/14\/maroc-leaks-pour-le-titre-de-sejour-de-sa-fille-mezouar-demande-laide-de-son-homologue-francais\/\">January 14, 2026<\/a><\/time><\/div>\n\n<div style=\"font-size:16px\" class=\"taxonomy-category wp-block-post-terms\"><a href=\"http:\/\/xnalgrt.cluster100.hosting.ovh.net\/index.php\/category\/maroc-france\/\" rel=\"tag\">Maroc &#8211; France<\/a><span class=\"wp-block-post-terms__separator\">, <\/span><a href=\"http:\/\/xnalgrt.cluster100.hosting.ovh.net\/index.php\/category\/marocleaks\/\" rel=\"tag\">Marocleaks<\/a><\/div>\n\n<div style=\"font-size:16px\" class=\"taxonomy-post_tag wp-block-post-terms\"><a href=\"http:\/\/xnalgrt.cluster100.hosting.ovh.net\/index.php\/tag\/hacker-chris-coleman\/\" rel=\"tag\">hacker chris coleman<\/a><span class=\"wp-block-post-terms__separator\">, <\/span><a href=\"http:\/\/xnalgrt.cluster100.hosting.ovh.net\/index.php\/tag\/laurent-fabius\/\" rel=\"tag\">Laurent Fabius<\/a><span class=\"wp-block-post-terms__separator\">, <\/span><a href=\"http:\/\/xnalgrt.cluster100.hosting.ovh.net\/index.php\/tag\/maroc\/\" rel=\"tag\">Maroc<\/a><span class=\"wp-block-post-terms__separator\">, <\/span><a href=\"http:\/\/xnalgrt.cluster100.hosting.ovh.net\/index.php\/tag\/marocleaks\/\" rel=\"tag\">marocleaks<\/a><span class=\"wp-block-post-terms__separator\">, <\/span><a href=\"http:\/\/xnalgrt.cluster100.hosting.ovh.net\/index.php\/tag\/mezouar\/\" rel=\"tag\">Mezouar<\/a><span class=\"wp-block-post-terms__separator\">, <\/span><a href=\"http:\/\/xnalgrt.cluster100.hosting.ovh.net\/index.php\/tag\/salaheddine\/\" rel=\"tag\">Salaheddine<\/a><\/div><\/div>\n\n\n\n<div style=\"height:120px;\" aria-hidden=\"true\" class=\"wp-block-spacer\"><\/div>\n\n<\/li><li class=\"wp-block-post post-440869 post type-post status-publish format-standard has-post-thumbnail hentry category-marocleaks tag-christopher-ross tag-front-polisario tag-hacker-chris-coleman tag-kim-bolduc tag-maroc tag-marocleaks tag-minurso tag-onu tag-sahara-occidental\">\n<h2 style=\"font-size:64px;line-height:1.2;\" class=\"wp-block-post-title\"><a href=\"http:\/\/xnalgrt.cluster100.hosting.ovh.net\/index.php\/2026\/01\/14\/maroc-le-monde-vu-a-travers-le-prisme-du-sahara-occidental\/\" target=\"_self\" >Maroc Leaks: Le monde vu \u00e0 travers le prisme du Sahara Occidental<\/a><\/h2>\n\n\n\n<div class=\"entry-content wp-block-post-content is-layout-flow wp-block-post-content-is-layout-flow\">\n<p class=\"has-cyan-bluish-gray-color has-text-color has-link-color wp-elements-298e5d9f0b7288b6585cbf793e595982\">Tags : Maroc, Sahara Occidental, Front Polisario, ONU, Christopher Ross, Kim Bolduc, MINURSO, Marocleaks,, hacker Chris Coleman,<\/p>\n\n\n\n<p><strong>Un \u00ab Wikileaks marocain \u00bb qui secoue le pouvoir<br><\/strong>IGNACIO CEMBRERO<br>15 D\u00c9CEMBRE 2014<\/p>\n\n\n\n<p>Depuis deux mois, un faux profil met en ligne sur Twitter les secrets du royaume. Gouvernement et partis politiques n\u2019osent ni analyser ni d\u00e9battre des cons\u00e9quences du piratage de milliers de c\u00e2bles de la diplomatie marocaine.<\/p>\n\n\n\n<p>En apparence il n\u2019est pas tr\u00e8s professionnel, et pourtant il a r\u00e9ussi \u00e0 mettre sens dessus dessous les autorit\u00e9s du pays r\u00e9put\u00e9 le plus stable de l\u2019Afrique du Nord : le Maroc. Depuis le 2 octobre, un profil anonyme (@chris_coleman24)1 distille sur Twitter des centaines de c\u00e2bles de la diplomatie marocaine, de la Direction g\u00e9n\u00e9rale des \u00e9tudes et de la documentation (DGED) \u2014 l\u2019\u00e9quivalent marocain de la Central Intelligence Agency (CIA) am\u00e9ricaine ou de la Direction g\u00e9n\u00e9rale de la s\u00e9curit\u00e9 ext\u00e9rieure (DGSE) fran\u00e7aise \u2014 et aussi des courriels d\u2019hommes de presse apparemment proches. Il a m\u00eame mis en ligne des photos priv\u00e9es, comme celles du mariage de la ministre d\u00e9l\u00e9gu\u00e9e aupr\u00e8s du ministre des affaires \u00e9trang\u00e8res, Mbarka Bouaida, qui n\u2019ont gu\u00e8re d\u2019int\u00e9r\u00eat.<\/p>\n\n\n\n<p>Tout cela est d\u00e9vers\u00e9 sur le r\u00e9seau dans le d\u00e9sordre le plus total \u2014 certains documents sont m\u00eame mis en ligne trois fois \u2014 et dans les formats les plus divers. Celui qui se fait passer pour Chris Coleman, l\u2019entra\u00eeneur de la s\u00e9lection de football galloise, a commenc\u00e9 son d\u00e9ballage sur Facebook. Sa page a \u00e9t\u00e9 ferm\u00e9e. Il a alors \u00e9migr\u00e9 sur Twitter, mais son compte a subi le m\u00eame sort jusqu\u2019\u00e0 ce qu\u2019il parvienne \u00e0 convaincre l\u2019entreprise de le rouvrir.<\/p>\n\n\n\n<p>Ses tweets renvoyaient \u00e0 des documents mis en ligne sur des sites de stockage et de partage de fichiers tels Dropbox, Mediafire ou 4Shared, mais sur ces supports, ses comptes ont \u00e9t\u00e9 cl\u00f4tur\u00e9s.\u00ab&nbsp; C\u2019est vrai que depuis quelques jours, le Makhzen2 a multipli\u00e9 ses menaces pour me d\u00e9courager&nbsp; \u00bb, se plaignait-il sur Twitter.\u00ab&nbsp; Il a mobilis\u00e9 d\u2019importantes ressources, notamment financi\u00e8res, pour emp\u00eacher la diffusion des informations&nbsp; \u00bb, ajoutait-il, tout en promettant de continuer \u00e0 se battre au risque de sa vie. Les m\u00e9tadonn\u00e9es qui accompagnent ses tweets donnent \u00e0 penser qu\u2019il est au Maroc, mais il se peut qu\u2019il ait r\u00e9ussi le tour de force de tromper Twitter sur l\u2019endroit o\u00f9 il se trouve.<\/p>\n\n\n\n<p>UN \u00c9TAT F\u00c2CH\u00c9 AVEC LES NATIONS UNIES<\/p>\n\n\n\n<p>Ce jeu du chat et de la souris d\u00e9montre \u00e0 quel point celui qui se cache derri\u00e8re ce profil anonyme est, en apparence, aux antipodes du professionnalisme d\u2019un Julien Assange, l\u2019homme qui avait d\u00e9fi\u00e9 les \u00c9tats-Unis en 2010 en divulguant, avec la collaboration de quatre grands m\u00e9dias, 250 000 t\u00e9l\u00e9grammes du d\u00e9partement d\u2019\u00c9tat am\u00e9ricain.<\/p>\n\n\n\n<p>Dans un de ses rares commentaires, \u00ab&nbsp; Chris Coleman&nbsp; \u00bb, qui affiche ses sympathies pour l\u2019ind\u00e9pendantisme saharaoui, a expliqu\u00e9 que son but \u00e9tait de \u00ab&nbsp; d\u00e9stabiliser le Maroc&nbsp; \u00bb. Il n\u2019a certes pas r\u00e9ussi \u00e0 le faire, mais malgr\u00e9 son amateurisme sur les r\u00e9seaux il a secou\u00e9 le Makhzen.<\/p>\n\n\n\n<p>La qualit\u00e9 du mat\u00e9riel mis en ligne y est pour quelque chose. On y d\u00e9couvre un \u00c9tat marocain f\u00e2ch\u00e9 avec le secr\u00e9tariat g\u00e9n\u00e9ral des Nations unies et dont les rapports sont \u00e9galement tendus avec le d\u00e9partement d\u2019\u00c9tat am\u00e9ricain. Par exemple, le Maroc refuse depuis mai 2014 la prise de fonctions \u00e0 El Aaiun de la canadienne Kim Bolduc, nomm\u00e9e \u00e0 la t\u00eate de la Mission des Nations unies pour l\u2019organisation d\u2019un r\u00e9f\u00e9rendum au Sahara occidental (Minurso), le contingent de l\u2019ONU d\u00e9ploy\u00e9 dans cette ancienne colonie espagnole.<\/p>\n\n\n\n<p>Rabat met aussi constamment des b\u00e2tons dans les roues de la mission de l\u2019am\u00e9ricain Christopher Ross, l\u2019envoy\u00e9 personnel du secr\u00e9taire g\u00e9n\u00e9ral des Nations unies Ban Ki-moon au Sahara, un m\u00e9diateur sourcilleux sur les droits humains et dans le fond favorable \u00e0 l\u2019octroi de l\u2019autonomie \u00e0 ce territoire pour r\u00e9soudre le conflit. Dans un c\u00e2ble d\u2019Omar Hilale, alors ambassadeur marocain aupr\u00e8s des Nations unies \u00e0 Gen\u00e8ve, il est d\u00e9crit comme un alcoolique, devenu maladroit avec l\u2019\u00e2ge (il a 71 ans), qui n\u2019arrive m\u00eame pas \u00e0 mettre sa veste tout seul.<\/p>\n\n\n\n<p>Le clou des r\u00e9v\u00e9lations est sans doute l\u2019accord verbal secret conclu en novembre 2013 \u00e0 la Maison-Blanche entre le pr\u00e9sident Barack Obama et le roi Mohammed VI. Les \u00c9tats-Unis y renon\u00e7aient \u2014 comme ils l\u2019avaient fait en avril de cette ann\u00e9e \u2014 \u00e0 demander au Conseil de s\u00e9curit\u00e9 l\u2019\u00e9largissement du mandat de la Minurso pour qu\u2019elle puisse s\u2019occuper des droits humains, mais obtenaient en \u00e9change trois concessions. Le Maroc arr\u00eatait d\u2019abord de faire juger les civils par des tribunaux militaires&nbsp; ; il faciliterait ensuite les visites au Sahara des fonctionnaires du Haut Commissariat aux droits de l\u2019homme et l\u00e9galiserait les associations sahraouies ind\u00e9pendantistes comme le Collectif sahraoui des d\u00e9fenseurs des droits de l\u2019homme (Codesa) du militant Aminatou Haidar. Sur ce dernier point, il n\u2019a pas encore tenu promesse.<\/p>\n\n\n\n<p>Si les rapports du Maroc sont plut\u00f4t mauvais avec le secr\u00e9tariat g\u00e9n\u00e9ral de l\u2019ONU, ils sont en revanche bien meilleurs avec les deux instances onusiennes que sont le Haut Commissariat aux droits de l\u2019homme et le Haut Commissariat pour les r\u00e9fugi\u00e9s (HCR), tous deux \u00e0 Gen\u00e8ve. La diplomatie marocaine a su s\u2019y faire des amis parmi les hauts fonctionnaires qui la renseignent sur les initiatives de ses adversaires et l\u2019aident m\u00eame \u00e0 faire avorter ou \u00e0 d\u00e9naturer leurs projets. Pour exemple, le s\u00e9jour presque clandestin \u00e0 Gen\u00e8ve, en 2012, de Mohamed Abdelaziz, le leader du Front Polisario et pr\u00e9sident de la R\u00e9publique arabe sahraouie d\u00e9mocratique3<\/p>\n\n\n\n<p>Quant aux agents de la DGED et \u00e0 leurs collaborateurs, ils parviennent, moyennant finance, \u00e0 ce que des journalistes et des think-tanks fran\u00e7ais, am\u00e9ricains et m\u00eame italiens produisent des articles et des analyses favorables aux th\u00e8ses du Maroc et pr\u00e9judiciables \u00e0 l\u2019Alg\u00e9rie et au Front Polisario qui revendique, depuis 1973, l\u2019ind\u00e9pendance du Sahara occidental. La DGEDs\u2019emploie aussi, \u00e0 travers des interm\u00e9diaires, \u00e0 s\u00e9duire le lobby juif aux \u00c9tats-Unis dans l\u2019espoir qu\u2019il p\u00e8sera aupr\u00e8s de l\u2019administration Obama pour qu\u2019elle soit plus compr\u00e9hensive avec les th\u00e8ses marocaines sur le Sahara. On apprend \u00e9galement qu\u2019Isra\u00ebl et le Maroc maintenaient, du moins en 2011 et 2102, un dialogue politique permanent.<\/p>\n\n\n\n<p>La lecture de centaines de c\u00e2bles montre, en d\u00e9finitive, une diplomatie marocaine qui voit le monde \u00e0 travers la lorgnette du Sahara. Ce bout de d\u00e9sert est partout, dans les r\u00e9unions du Conseil d\u2019association avec l\u2019Union europ\u00e9enne, dans les visites minist\u00e9rielles en Europe ou dans les relations avec des pays aussi lointains que le Paraguay. Cette \u00ab&nbsp; monomanie&nbsp; \u00bb saharienne fait que le Maroc s\u2019int\u00e9resse peu \u00e0 d\u2019autres d\u00e9bats qui traversent la plan\u00e8te. Il ne s\u2019en m\u00eale que s\u2019il peut en tirer un profit pour ce que les diplomates marocains appellent la \u00ab&nbsp; question nationale&nbsp; \u00bb.<\/p>\n\n\n\n<p>AUCUNE R\u00c9ACTION OFFICIELLE<\/p>\n\n\n\n<p>Chris Coleman et ses tweets ont \u00e9t\u00e9, ces derni\u00e8res semaines, dans toutes les conversations de couloirs du Parlement de Rabat, dans les caf\u00e9s que fr\u00e9quentent les fonctionnaires haut plac\u00e9s, dans les cocktails diplomatiques. Il n\u2019y a eu, cependant, aucune explication publique du gouvernement sur cette faille dans le syst\u00e8me de communication, ni sur l\u2019enqu\u00eate qui serait en cours ou sur ses cons\u00e9quences politiques. L\u2019opposition n\u2019a pas, elle non plus, jug\u00e9 utile d\u2019interpeller l\u2019ex\u00e9cutif.<\/p>\n\n\n\n<p>La presse, elle, est dans sa grande majorit\u00e9 pass\u00e9e en pointill\u00e9s sur l\u2019affaire, reprenant souvent la th\u00e8se de Mbarka Bouaida pour qui, derri\u00e8re ce faux profil, se cachent des \u00ab&nbsp; \u00e9l\u00e9ments pro-Polisario&nbsp; \u00bb ayant agi avec l\u2019appui de l\u2019Alg\u00e9rie. Plus de deux mois apr\u00e8s les premi\u00e8res fuites, le ministre des affaires \u00e9trang\u00e8res, Salaheddine Mezouar au S\u00e9nat et le porte parole du gouvernement Mustapha El-Khalfi devant la presse lui ont embo\u00eet\u00e9 le pas : \u00ab&nbsp; C\u2019est une campagne enrag\u00e9e, orchestr\u00e9e par des adversaires, visant \u00e0 porter atteinte au Maroc, \u00e0 son image et \u00e0 sa puissance&nbsp; \u00bb.<\/p>\n\n\n\n<p>Cette politique de l\u2019autruche d\u2019un gouvernement et d\u2019une classe politique qui ne veut pas \u2014 qui n\u2019ose pas \u2014 discuter de ce Wikileaks \u00e0 l\u2019\u00e9chelle marocaine, marque aussi la diff\u00e9rence avec les \u00c9tats-Unis qui, fin 2010, ont enqu\u00eat\u00e9 et se sont exprim\u00e9 publiquement sur les r\u00e9percussions de cet \u00e9norme d\u00e9ballage pour leur politique \u00e9trang\u00e8re et leur image dans le monde. Le Maroc ne s\u2019est pas risqu\u00e9 \u00e0 cet exercice.<\/p>\n\n\n\n<p>Le pouvoir ex\u00e9cutif marocain n\u2019est pas assez s\u00fbr de lui : il se sent trop harcel\u00e9 sur \u00ab&nbsp; son&nbsp; \u00bb Sahara pour en d\u00e9battre sur la place publique. Les quelques revers diplomatiques qu\u2019il a subis lui font oublier que les poids lourds de la communaut\u00e9 internationale, \u00e0 commencer par les \u00c9tats-Unis, souhaitent que l\u2019autonomie soit la solution accord\u00e9e pour mettre un terme \u00e0 un conflit qui dure depuis 39 ans. Cela fait plusieurs ann\u00e9es qu\u2019ils le disent, tout comme l\u2019\u00c9lys\u00e9e et les successifs gouvernements de l\u2019Espagne, l\u2019ancienne puissance coloniale. L\u2019ind\u00e9pendance du Sahara, craint-on, signifierait la d\u00e9stabilisation du Maroc, ce dont personne ne veut en Europe ou en Am\u00e9rique.<\/p>\n\n\n\n<p>Pour que l\u2019offre marocaine d\u2019autonomie aille de l\u2019avant il faut cependant qu\u2019elle soit cr\u00e9dible. Cela veut dire avant tout que Rabat doit arr\u00eater de bastonner \u2014 ou pire d\u2019emprisonner \u2014 ceux qui pr\u00f4nent l\u2019autod\u00e9termination du Sahara et sortent dans la rue \u00e0 Smara, Dakhla ou Laayoune pour la revendiquer.<\/p>\n\n\n\n<p>Ce message avertissant des cons\u00e9quences n\u00e9fastes d\u2019une r\u00e9pression disproportionn\u00e9e est transmis, de temps en temps, aux Marocains par leurs interlocuteurs occidentaux, \u00e0 commencer par Christopher Ross, d\u2019apr\u00e8s les c\u00e2bles consult\u00e9s. Il a m\u00eame \u00e9t\u00e9 repris \u00e0 demi-mot, en janvier 2014, par Driss El-Yazami, pr\u00e9sident du Conseil national des droits de l\u2019homme cr\u00e9\u00e9 en 2011, lors d\u2019une discussion \u00e0 Rabat sur la mise en \u0153uvre de l\u2019accord secret de Washington, selon un compte-rendu de cette r\u00e9union. Mais le message ne passe pas. Rabat fait la sourde oreille.<\/p>\n\n\n\n<p>IGNACIO CEMBRERO<\/p>\n\n\n\n<p>1NDLR. Le nom de ce compte est \u00ab Le Makhzen \u00bb, c\u2019est-\u00e0-dire en langage familier au Maroc, l\u2019\u00c9tat et les institutions r\u00e9galiennes.<\/p>\n\n\n\n<p>2Voir note 1.<\/p>\n\n\n\n<p>3NDLR. RASD, R\u00e9publique proclam\u00e9e par le Front Polisario en 1976, reconnue par l\u2019Union africaine mais pas par l\u2019ONU.<\/p>\n\n\n\n<p>Source : <a href=\"http:\/\/orientxxi.info\/magazine\/un-wikileaks-marocain-qui-secoue,0771\">Orient XXI<\/a><\/p>\n\n\n\n<p><\/p>\n\n\n\n<p>#Maroc #Sahara_Occidental #Front_Polisario #ONU #Christopher_Ross #Kim Bolduc #MINURSO #Marocleaks #hacker_Chris_Coleman<\/p>\n<\/div>\n\n\n<div class=\"wp-block-group is-layout-flex wp-block-group-is-layout-flex\"><div style=\"font-size:16px;\" class=\"wp-block-post-date\"><time datetime=\"2026-01-14T11:40:39+00:00\"><a href=\"http:\/\/xnalgrt.cluster100.hosting.ovh.net\/index.php\/2026\/01\/14\/maroc-le-monde-vu-a-travers-le-prisme-du-sahara-occidental\/\">January 14, 2026<\/a><\/time><\/div>\n\n<div style=\"font-size:16px\" class=\"taxonomy-category wp-block-post-terms\"><a href=\"http:\/\/xnalgrt.cluster100.hosting.ovh.net\/index.php\/category\/marocleaks\/\" rel=\"tag\">Marocleaks<\/a><\/div>\n\n<div style=\"font-size:16px\" class=\"taxonomy-post_tag wp-block-post-terms\"><a href=\"http:\/\/xnalgrt.cluster100.hosting.ovh.net\/index.php\/tag\/christopher-ross\/\" rel=\"tag\">Christopher Ross<\/a><span class=\"wp-block-post-terms__separator\">, <\/span><a href=\"http:\/\/xnalgrt.cluster100.hosting.ovh.net\/index.php\/tag\/front-polisario\/\" rel=\"tag\">Front Polisario<\/a><span class=\"wp-block-post-terms__separator\">, <\/span><a href=\"http:\/\/xnalgrt.cluster100.hosting.ovh.net\/index.php\/tag\/hacker-chris-coleman\/\" rel=\"tag\">hacker chris coleman<\/a><span class=\"wp-block-post-terms__separator\">, <\/span><a href=\"http:\/\/xnalgrt.cluster100.hosting.ovh.net\/index.php\/tag\/kim-bolduc\/\" rel=\"tag\">Kim Bolduc<\/a><span class=\"wp-block-post-terms__separator\">, <\/span><a href=\"http:\/\/xnalgrt.cluster100.hosting.ovh.net\/index.php\/tag\/maroc\/\" rel=\"tag\">Maroc<\/a><span class=\"wp-block-post-terms__separator\">, <\/span><a href=\"http:\/\/xnalgrt.cluster100.hosting.ovh.net\/index.php\/tag\/marocleaks\/\" rel=\"tag\">marocleaks<\/a><span class=\"wp-block-post-terms__separator\">, <\/span><a href=\"http:\/\/xnalgrt.cluster100.hosting.ovh.net\/index.php\/tag\/minurso\/\" rel=\"tag\">MINURSO<\/a><span class=\"wp-block-post-terms__separator\">, <\/span><a href=\"http:\/\/xnalgrt.cluster100.hosting.ovh.net\/index.php\/tag\/onu\/\" rel=\"tag\">ONU<\/a><span class=\"wp-block-post-terms__separator\">, <\/span><a href=\"http:\/\/xnalgrt.cluster100.hosting.ovh.net\/index.php\/tag\/sahara-occidental\/\" rel=\"tag\">Sahara Occidental<\/a><\/div><\/div>\n\n\n\n<div style=\"height:120px;\" aria-hidden=\"true\" class=\"wp-block-spacer\"><\/div>\n\n<\/li><li class=\"wp-block-post post-440739 post type-post status-publish format-standard has-post-thumbnail hentry category-famille-royale tag-maroc tag-mohammed-vi tag-palais-de-lalla-latifa-a-paris tag-patrimoine-immobilier-de-la-famille-royale-marocaine\">\n<h2 style=\"font-size:64px;line-height:1.2;\" class=\"wp-block-post-title\"><a href=\"http:\/\/xnalgrt.cluster100.hosting.ovh.net\/index.php\/2026\/01\/12\/maroc-mohammed-vi-lalla-latifa-biens-immobiliers\/\" target=\"_self\" >Maroc : Mohammed VI vend les biens de sa m\u00e8re pour tourner la page de son mariage avec le garde du corps de son p\u00e8re<\/a><\/h2>\n\n\n\n<div class=\"entry-content wp-block-post-content is-layout-flow wp-block-post-content-is-layout-flow\">\n<p class=\"has-cyan-bluish-gray-color has-text-color has-link-color wp-elements-865309fbfea6163cd469301264f32ddf\">Tags : #Maroc #Mohammed_VI #palais_de_Lalla_Latifa_\u00e0_Paris #patrimoine_immobilier_de_la_famille_royale_marocaine<\/p>\n\n\n\n<p>La famille royale du Maroc a d\u00e9cid\u00e9 de vendre les biens immobiliers de luxe appartenant \u00e0 la m\u00e8re du roi Mohammed VI, Lalla Latifa, dans la capitale fran\u00e7aise, Paris.<\/p>\n\n\n\n<p>Il s\u2019agit, selon le site fran\u00e7ais Africa Intelligence, de trois biens immobiliers d\u2019exception dont la valeur totale est estim\u00e9e \u00e0 environ 30 millions d\u2019euros. Des professionnels du secteur confirment que cette op\u00e9ration est devenue un sujet de discussion majeur dans les cercles de l\u2019immobilier haut de gamme \u00e0 Paris.<\/p>\n\n\n\n<p>Parmi ces propri\u00e9t\u00e9s figure en premier lieu un h\u00f4tel particulier situ\u00e9 sur le boulevard Maurice Barr\u00e8s, dans le quartier hupp\u00e9 de Neuilly-sur-Seine, \u00e0 proximit\u00e9 du bois de Boulogne et des repr\u00e9sentations diplomatiques.<\/p>\n\n\n\n<p>Le b\u00e2timent se compose de quatre \u00e9tages transform\u00e9s en h\u00f4tel particulier, pour une superficie totale de 1 325 m\u00b2, dont 569 m\u00b2 consacr\u00e9s aux chambres. Il dispose de vastes balcons et d\u2019une terrasse sur le toit offrant une vue sur la Fondation Louis Vuitton, ce qui lui conf\u00e8re une valeur exceptionnelle sur le march\u00e9 de l\u2019immobilier de luxe.<\/p>\n\n\n\n<p>Le bien comprend huit suites de grand standing, chacune dot\u00e9e de sa propre salle de bains, ainsi qu\u2019un salon au rez-de-chauss\u00e9e au design inspir\u00e9 de l\u2019art du moucharabieh. Les deux niveaux en sous-sol abritent une piscine, un hammam traditionnel, une salle de sport et des d\u00e9corations en mosa\u00efque r\u00e9alis\u00e9es \u00e0 la main. Son prix est estim\u00e9 \u00e0 environ 20 millions d\u2019euros, selon les agences Barnes et Engel &amp; V\u00f6lkers.<\/p>\n\n\n\n<p>Ainsi, donc, le roi Mohammed VI tourne une page noire de sa vie: Le mariage de sa m\u00e8re avec le garde du corps de son p\u00e8re, Mohamed Mediouri. Apr\u00e8s l&#8217;avoir confin\u00e9 au palais royal, Mohammed VI lui a autoris\u00e9 \u00e0 faire sa nouvelle vie mais loin du Palais royal, \u00e0 condition de respecter le principe de la discr\u00e9tion.<br>Le jour o\u00f9 Mediouri a viol\u00e9 cette condition en se rendant \u00e0 Marrakech, il a \u00e9t\u00e9 victime d&#8217;une agression. Il affirme avoir \u00e9t\u00e9 victime d\u2019une tentative d\u2019assassinat \u00e0 Marrakech et a d\u00e9pos\u00e9 une plainte aupr\u00e8s de la police locale. Selon le site Le360, r\u00e9put\u00e9 proche des milieux s\u00e9curitaires et du pouvoir, il aurait \u00e9t\u00e9 agress\u00e9 par un groupe d\u2019individus dont l\u2019un \u00e9tait arm\u00e9.<\/p>\n\n\n\n<p>Mediouri a choisi de porter plainte officiellement au lieu de passer par des canaux s\u00e9curitaires internes, ce qui sugg\u00e9rerait une peur r\u00e9elle pour sa vie. L&#8217;incident \u00e9voque l\u2019hypoth\u00e8se d\u2019un message d\u2019intimidation adress\u00e9 au beau-p\u00e8re du souverain marocain.<\/p>\n\n\n\n<p>Selon le journaliste Jean-Pierre Tuquoi, Mediouri aurait \u00e9t\u00e9 charg\u00e9 en 1983 de la torture et de l\u2019assassinat du g\u00e9n\u00e9ral Ahmed Dlimi, soup\u00e7onn\u00e9 de pr\u00e9parer un coup d\u2019\u00c9tat. Dlimi aurait aussi d\u00e9couvert une liaison intime entre Mediouri et Lalla Latifa, \u00e9pouse de Hassan II, ce qui aurait pr\u00e9cipit\u00e9 son \u00e9limination.<br>En 2006, le journaliste marocain Ali Lmrabet avait r\u00e9v\u00e9l\u00e9 dans le journal espagnol El Mundo que Lalla Latifa avait \u00e9t\u00e9 isol\u00e9e dans un palais sur ordre de Mohammed VI pour mettre fin \u00e0 sa relation avec Mediouri. Le num\u00e9ro a \u00e9t\u00e9 interdit au Maroc.<\/p>\n<\/div>\n\n\n<div class=\"wp-block-group is-layout-flex wp-block-group-is-layout-flex\"><div style=\"font-size:16px;\" class=\"wp-block-post-date\"><time datetime=\"2026-01-12T18:49:21+00:00\"><a href=\"http:\/\/xnalgrt.cluster100.hosting.ovh.net\/index.php\/2026\/01\/12\/maroc-mohammed-vi-lalla-latifa-biens-immobiliers\/\">January 12, 2026<\/a><\/time><\/div>\n\n<div style=\"font-size:16px\" class=\"taxonomy-category wp-block-post-terms\"><a href=\"http:\/\/xnalgrt.cluster100.hosting.ovh.net\/index.php\/category\/famille-royale\/\" rel=\"tag\">Famille royale<\/a><\/div>\n\n<div style=\"font-size:16px\" class=\"taxonomy-post_tag wp-block-post-terms\"><a href=\"http:\/\/xnalgrt.cluster100.hosting.ovh.net\/index.php\/tag\/maroc\/\" rel=\"tag\">Maroc<\/a><span class=\"wp-block-post-terms__separator\">, <\/span><a href=\"http:\/\/xnalgrt.cluster100.hosting.ovh.net\/index.php\/tag\/mohammed-vi\/\" rel=\"tag\">Mohammed VI<\/a><span class=\"wp-block-post-terms__separator\">, <\/span><a href=\"http:\/\/xnalgrt.cluster100.hosting.ovh.net\/index.php\/tag\/palais-de-lalla-latifa-a-paris\/\" rel=\"tag\">palais de Lalla Latifa \u00e0 Paris<\/a><span class=\"wp-block-post-terms__separator\">, <\/span><a href=\"http:\/\/xnalgrt.cluster100.hosting.ovh.net\/index.php\/tag\/patrimoine-immobilier-de-la-famille-royale-marocaine\/\" rel=\"tag\">patrimoine immobilier de la famille royale marocaine<\/a><\/div><\/div>\n\n\n\n<div style=\"height:120px;\" aria-hidden=\"true\" class=\"wp-block-spacer\"><\/div>\n\n<\/li><li class=\"wp-block-post post-440736 post type-post status-publish format-standard has-post-thumbnail hentry category-monde tag-assemblee-nationale tag-budget-de-2026 tag-elections-anticipees tag-france tag-parlement\">\n<h2 style=\"font-size:64px;line-height:1.2;\" class=\"wp-block-post-title\"><a href=\"http:\/\/xnalgrt.cluster100.hosting.ovh.net\/index.php\/2026\/01\/12\/france-budget-2026-parlement-elections-anticipees\/\" target=\"_self\" >France : le budget fran\u00e7ais de 2026 menace de dissolution du Parlement et \u00e9lections anticip\u00e9es<\/a><\/h2>\n\n\n\n<div class=\"entry-content wp-block-post-content is-layout-flow wp-block-post-content-is-layout-flow\">\n<p class=\"has-cyan-bluish-gray-color has-text-color has-link-color wp-elements-b6f8871635c86ff1bade5f85671ef57a\">Tags : #France #budget_de_2026 #Assembl\u00e9e_Nationale #Parlement #\u00e9lections_anticip\u00e9es <\/p>\n\n\n\n<p>Le budget de la France pour 2026 est toujours bloqu\u00e9 \u00e0 ce jour, alors qu\u2019il aurait d\u00fb \u00eatre adopt\u00e9 \u00ab constitutionnellement \u00bb avant le d\u00e9but de la nouvelle ann\u00e9e. Des indications laissent m\u00eame penser que le pays pourrait rester sans budget durant le premier trimestre de l\u2019ann\u00e9e en cours.<\/p>\n\n\n\n<p>La ministre fran\u00e7aise du Budget, Am\u00e9lie de Montchalin, a averti ce dimanche de la possibilit\u00e9 de reporter l\u2019adoption du projet de loi de finances pour 2026 \u00e0 apr\u00e8s les \u00e9lections municipales pr\u00e9vues en mars prochain, si les d\u00e9put\u00e9s de l\u2019Assembl\u00e9e nationale fran\u00e7aise (le Parlement) renversent le gouvernement de S\u00e9bastien Lecornu par une motion de censure la semaine prochaine.<\/p>\n\n\n\n<p>Am\u00e9lie de Montchalin a d\u00e9clar\u00e9, dans une interview accord\u00e9e \u00e0 France T\u00e9l\u00e9visions : \u00ab Si le gouvernement tombe, je peux vous confirmer qu\u2019il ne sera pas possible d\u2019adopter le budget avant les \u00e9lections municipales. \u00bb<\/p>\n\n\n\n<p>Les d\u00e9clarations de Mme de Montchalin interviennent apr\u00e8s la circulation d\u2019informations faisant \u00e9tat d\u2019une d\u00e9cision potentielle du pr\u00e9sident fran\u00e7ais, Emmanuel Macron, de dissoudre l\u2019Assembl\u00e9e nationale et de convoquer des \u00e9lections anticip\u00e9es si l\u2019opposition parvient \u00e0 faire tomber son gouvernement par un vote de censure. Dans ce contexte, le journal fran\u00e7ais <em>Le Monde<\/em> a r\u00e9v\u00e9l\u00e9, citant une source gouvernementale, que le Premier ministre, S\u00e9bastien Lecornu, a demand\u00e9 au ministre de l\u2019Int\u00e9rieur, Laurent Nu\u00f1ez, d\u2019\u00e9tudier les pr\u00e9paratifs en vue de l\u2019organisation d\u2019\u00e9lections l\u00e9gislatives anticip\u00e9es en m\u00eame temps que les \u00e9lections municipales pr\u00e9vues les 15 et 22 mars prochains. Cette initiative fait suite \u00e0 l\u2019annonce du Rassemblement national et de La France insoumise de d\u00e9poser deux motions de censure distinctes contre le gouvernement, qui seront examin\u00e9es mardi et mercredi.<\/p>\n\n\n\n<p>Les dissensions politiques continuent d\u2019\u00e9branler successivement les gouvernements fran\u00e7ais depuis plus d\u2019un an, dans un contexte de crise financi\u00e8re croissante et d\u2019incapacit\u00e9 \u00e0 faire adopter le budget 2026 dans les d\u00e9lais impartis, ce qui a conduit \u00e0 l\u2019adoption d\u2019une loi sp\u00e9ciale afin de garantir la continuit\u00e9 du fonctionnement de l\u2019\u00c9tat et des administrations publiques.<\/p>\n\n\n\n<p><\/p>\n<\/div>\n\n\n<div class=\"wp-block-group is-layout-flex wp-block-group-is-layout-flex\"><div style=\"font-size:16px;\" class=\"wp-block-post-date\"><time datetime=\"2026-01-12T18:01:40+00:00\"><a href=\"http:\/\/xnalgrt.cluster100.hosting.ovh.net\/index.php\/2026\/01\/12\/france-budget-2026-parlement-elections-anticipees\/\">January 12, 2026<\/a><\/time><\/div>\n\n<div style=\"font-size:16px\" class=\"taxonomy-category wp-block-post-terms\"><a href=\"http:\/\/xnalgrt.cluster100.hosting.ovh.net\/index.php\/category\/monde\/\" rel=\"tag\">Monde<\/a><\/div>\n\n<div style=\"font-size:16px\" class=\"taxonomy-post_tag wp-block-post-terms\"><a href=\"http:\/\/xnalgrt.cluster100.hosting.ovh.net\/index.php\/tag\/assemblee-nationale\/\" rel=\"tag\">Assembl\u00e9e Nationale<\/a><span class=\"wp-block-post-terms__separator\">, <\/span><a href=\"http:\/\/xnalgrt.cluster100.hosting.ovh.net\/index.php\/tag\/budget-de-2026\/\" rel=\"tag\">budget de 2026<\/a><span class=\"wp-block-post-terms__separator\">, <\/span><a href=\"http:\/\/xnalgrt.cluster100.hosting.ovh.net\/index.php\/tag\/elections-anticipees\/\" rel=\"tag\">\u00e9lections anticip\u00e9es<\/a><span class=\"wp-block-post-terms__separator\">, <\/span><a href=\"http:\/\/xnalgrt.cluster100.hosting.ovh.net\/index.php\/tag\/france\/\" rel=\"tag\">France<\/a><span class=\"wp-block-post-terms__separator\">, <\/span><a href=\"http:\/\/xnalgrt.cluster100.hosting.ovh.net\/index.php\/tag\/parlement\/\" rel=\"tag\">parlement<\/a><\/div><\/div>\n\n\n\n<div style=\"height:120px;\" aria-hidden=\"true\" class=\"wp-block-spacer\"><\/div>\n\n<\/li><\/ul>\n\n<nav class=\"wp-block-query-pagination is-layout-flex wp-block-query-pagination-is-layout-flex\" aria-label=\"Pagination\">\n<div class=\"wp-block-query-pagination\">\n\n<a href=\"\/index.php\/wp-json\/wp\/v2\/pages\/440940?query-8-page=2\" class=\"wp-block-query-pagination-next\">Next Page<\/a><\/div>\n<\/nav><\/div>\n","protected":false},"excerpt":{"rendered":"<p>Tags : #France #budget_de_2026 #Assembl\u00e9e_Nationale #Parlement #\u00e9lections_anticip\u00e9es Le budget de la France pour 2026 est toujours bloqu\u00e9 \u00e0 ce jour, alors qu\u2019il aurait d\u00fb \u00eatre&#8230;<\/p>\n","protected":false},"author":1,"featured_media":0,"parent":0,"menu_order":0,"comment_status":"closed","ping_status":"closed","template":"header-footer-only","meta":{"footnotes":""},"class_list":["post-440940","page","type-page","status-publish","hentry"],"_links":{"self":[{"href":"http:\/\/xnalgrt.cluster100.hosting.ovh.net\/index.php\/wp-json\/wp\/v2\/pages\/440940","targetHints":{"allow":["GET"]}}],"collection":[{"href":"http:\/\/xnalgrt.cluster100.hosting.ovh.net\/index.php\/wp-json\/wp\/v2\/pages"}],"about":[{"href":"http:\/\/xnalgrt.cluster100.hosting.ovh.net\/index.php\/wp-json\/wp\/v2\/types\/page"}],"author":[{"embeddable":true,"href":"http:\/\/xnalgrt.cluster100.hosting.ovh.net\/index.php\/wp-json\/wp\/v2\/users\/1"}],"replies":[{"embeddable":true,"href":"http:\/\/xnalgrt.cluster100.hosting.ovh.net\/index.php\/wp-json\/wp\/v2\/comments?post=440940"}],"version-history":[{"count":0,"href":"http:\/\/xnalgrt.cluster100.hosting.ovh.net\/index.php\/wp-json\/wp\/v2\/pages\/440940\/revisions"}],"wp:attachment":[{"href":"http:\/\/xnalgrt.cluster100.hosting.ovh.net\/index.php\/wp-json\/wp\/v2\/media?parent=440940"}],"curies":[{"name":"wp","href":"https:\/\/api.w.org\/{rel}","templated":true}]}}